{"id":1811,"date":"2001-09-19T18:41:54","date_gmt":"2001-09-19T16:41:54","guid":{"rendered":"http:\/\/antonitolmos.com\/en\/project\/cd-dvd-musicolors-2001\/"},"modified":"2024-11-18T18:54:41","modified_gmt":"2024-11-18T17:54:41","slug":"cd-dvd-musicolors-2001","status":"publish","type":"project","link":"https:\/\/antonitolmos.com\/en\/project\/cd-dvd-musicolors-2001\/","title":{"rendered":"CD\/DVD Musicolors (2001)"},"content":{"rendered":"<p>[et_pb_section fb_built=&#8221;1&#8243; fullwidth=&#8221;on&#8221; custom_padding_last_edited=&#8221;on|desktop&#8221; admin_label=&#8221;section&#8221; module_class=&#8221;toptituloheader&#8221; _builder_version=&#8221;4.16&#8243; custom_padding=&#8221;0||0|&#8221; custom_padding_tablet=&#8221;50px|0|50px|0&#8243; transparent_background=&#8221;off&#8221; padding_mobile=&#8221;off&#8221; make_fullwidth=&#8221;off&#8221; use_custom_width=&#8221;off&#8221; width_unit=&#8221;on&#8221; global_colors_info=&#8221;{}&#8221; custom_padding_phone=&#8221;50px|0|50px|0&#8243;][et_pb_fullwidth_header title=&#8221;CD\/DVD Musicolors &#8211; Concert per a piano i aquarel.les&#8221; subhead=&#8221;2001&#8243; content_max_width=&#8221;none&#8221; admin_label=&#8221;T\u00edtulo de anchura completa&#8221; _builder_version=&#8221;4.16&#8243; background_color=&#8221;rgba(255, 255, 255, 0)&#8221; background_layout=&#8221;light&#8221; button_one_letter_spacing_hover=&#8221;0&#8243; button_two_letter_spacing_hover=&#8221;0&#8243; global_colors_info=&#8221;{}&#8221; button_one_text_size__hover_enabled=&#8221;off&#8221; button_two_text_size__hover_enabled=&#8221;off&#8221; button_one_text_color__hover_enabled=&#8221;off&#8221; button_two_text_color__hover_enabled=&#8221;off&#8221; button_one_border_width__hover_enabled=&#8221;off&#8221; button_two_border_width__hover_enabled=&#8221;off&#8221; button_one_border_color__hover_enabled=&#8221;off&#8221; button_two_border_color__hover_enabled=&#8221;off&#8221; button_one_border_radius__hover_enabled=&#8221;off&#8221; button_two_border_radius__hover_enabled=&#8221;off&#8221; button_one_letter_spacing__hover_enabled=&#8221;on&#8221; button_one_letter_spacing__hover=&#8221;0&#8243; button_two_letter_spacing__hover_enabled=&#8221;on&#8221; button_two_letter_spacing__hover=&#8221;0&#8243; button_one_bg_color__hover_enabled=&#8221;off&#8221; button_two_bg_color__hover_enabled=&#8221;off&#8221;] [\/et_pb_fullwidth_header][\/et_pb_section][et_pb_section fb_built=&#8221;1&#8243; custom_padding_last_edited=&#8221;on|desktop&#8221; admin_label=&#8221;section&#8221; _builder_version=&#8221;4.16&#8243; custom_padding=&#8221;0|||&#8221; custom_padding_tablet=&#8221;50px|0|50px|0&#8243; transparent_background=&#8221;off&#8221; padding_mobile=&#8221;off&#8221; make_fullwidth=&#8221;off&#8221; use_custom_width=&#8221;off&#8221; width_unit=&#8221;on&#8221; global_colors_info=&#8221;{}&#8221; custom_padding_phone=&#8221;50px|0|50px|0&#8243;][et_pb_row padding_mobile=&#8221;off&#8221; admin_label=&#8221;row&#8221; _builder_version=&#8221;4.16&#8243; background_size=&#8221;initial&#8221; background_position=&#8221;top_left&#8221; background_repeat=&#8221;repeat&#8221; custom_padding=&#8221;0|50&#8243; make_fullwidth=&#8221;off&#8221; use_custom_width=&#8221;off&#8221; width_unit=&#8221;on&#8221; global_colors_info=&#8221;{}&#8221; column_structure=&#8221;1_3,2_3&#8243;][et_pb_column type=&#8221;1_3&#8243; _builder_version=&#8221;4.16&#8243; custom_padding=&#8221;|||&#8221; global_colors_info=&#8221;{}&#8221; custom_padding__hover=&#8221;|||&#8221;][et_pb_image src=&#8221;https:\/\/antonitolmos.com\/files\/DVDMusicolors.jpg&#8221; align_tablet=&#8221;center&#8221; align_last_edited=&#8221;on|desktop&#8221; admin_label=&#8221;Imagen&#8221; _builder_version=&#8221;4.16&#8243; sticky=&#8221;off&#8221; use_border_color=&#8221;off&#8221; border_color=&#8221;#ffffff&#8221; border_style=&#8221;solid&#8221; always_center_on_mobile=&#8221;on&#8221; global_colors_info=&#8221;{}&#8221; align_phone=&#8221;center&#8221;] [\/et_pb_image][\/et_pb_column][et_pb_column type=&#8221;2_3&#8243; _builder_version=&#8221;4.16&#8243; custom_padding=&#8221;|||&#8221; global_colors_info=&#8221;{}&#8221; custom_padding__hover=&#8221;|||&#8221;][et_pb_code admin_label=&#8221;C\u00f3digo&#8221; _builder_version=&#8221;4.27.3&#8243; hover_enabled=&#8221;0&#8243; global_colors_info=&#8221;{}&#8221; sticky_enabled=&#8221;0&#8243;]<iframe loading=\"lazy\" src=\"https:\/\/player.vimeo.com\/video\/19945330\" width=\"500\" height=\"281\" frameborder=\"0\" webkitallowfullscreen mozallowfullscreen allowfullscreen><\/iframe> <pee><a href=\"https:\/\/vimeo.com\/19945330\">MUSICOLORS &#8211; Antoni Tolmos<\/a> from <a href=\"https:\/\/vimeo.com\/communikt\">communikt!<\/a> on <a href=\"https:\/\/vimeo.com\">Vimeo<\/a>.<\/pee>[\/et_pb_code][\/et_pb_column][\/et_pb_row][et_pb_row padding_mobile=&#8221;off&#8221; admin_label=&#8221;row&#8221; _builder_version=&#8221;4.16&#8243; background_size=&#8221;initial&#8221; background_position=&#8221;top_left&#8221; background_repeat=&#8221;repeat&#8221; custom_padding=&#8221;50|&#8221; make_fullwidth=&#8221;off&#8221; use_custom_width=&#8221;off&#8221; width_unit=&#8221;on&#8221; global_colors_info=&#8221;{}&#8221; column_structure=&#8221;1_3,2_3&#8243;][et_pb_column type=&#8221;1_3&#8243; _builder_version=&#8221;4.16&#8243; custom_padding=&#8221;|||&#8221; global_colors_info=&#8221;{}&#8221; custom_padding__hover=&#8221;|||&#8221;][et_pb_gallery gallery_ids=&#8221;615,616,617,621&#8243; admin_label=&#8221;Gallery&#8221; _builder_version=&#8221;4.16&#8243; use_border_color=&#8221;off&#8221; border_color=&#8221;#ffffff&#8221; border_style=&#8221;solid&#8221; global_colors_info=&#8221;{}&#8221;] [\/et_pb_gallery][et_pb_text admin_label=&#8221;Text&#8221; _builder_version=&#8221;4.16&#8243; background_size=&#8221;initial&#8221; background_position=&#8221;top_left&#8221; background_repeat=&#8221;repeat&#8221; use_border_color=&#8221;off&#8221; border_color=&#8221;#ffffff&#8221; border_style=&#8221;solid&#8221; global_colors_info=&#8221;{}&#8221;] [\/et_pb_text][\/et_pb_column][et_pb_column type=&#8221;2_3&#8243; _builder_version=&#8221;4.16&#8243; custom_padding=&#8221;|||&#8221; global_colors_info=&#8221;{}&#8221; custom_padding__hover=&#8221;|||&#8221;][et_pb_text admin_label=&#8221;Texto&#8221; _builder_version=&#8221;4.16&#8243; background_size=&#8221;initial&#8221; background_position=&#8221;top_left&#8221; background_repeat=&#8221;repeat&#8221; use_border_color=&#8221;off&#8221; border_color=&#8221;#ffffff&#8221; border_style=&#8221;solid&#8221; global_colors_info=&#8221;{}&#8221;]<\/p>\n<p style=\"margin: 0in; line-height: 18pt; font-family: Georgia; font-size: 12.0pt; color: #333333;\"><span lang=\"es-ES\" style=\"font-weight: bold;\">Obra<\/span><span lang=\"es-ES_tradnl\">\u00a0<\/span><\/p>\n<p style=\"margin: 0in; line-height: 18pt; font-family: Georgia; font-size: 12.0pt; color: #333333;\"><span lang=\"es-ES\">Musicolors, improvisaci\u00f3 pian\u00edstica sobre<\/span><span lang=\"es-ES_tradnl\">\u00a0<\/span><span lang=\"es-ES\">aquarel.les<\/span><span lang=\"es-ES_tradnl\">\u00a0<\/span><\/p>\n<p style=\"margin: 0in; line-height: 18pt; font-family: Georgia; font-size: 12.0pt; color: #333333;\"><span style=\"font-weight: bold;\">Autors<\/span><\/p>\n<p style=\"margin: 0in; line-height: 18pt; font-family: Georgia; font-size: 12.0pt; color: #333333;\">Antoni Tolmos i M\u00e0rius Carretero<\/p>\n<p style=\"margin: 0in; line-height: 18pt; font-family: Georgia; font-size: 12.0pt; color: #333333;\"><span style=\"font-weight: bold;\">M\u00fasica<\/span><\/p>\n<p style=\"margin: 0in; line-height: 18pt; font-family: Georgia; font-size: 12.0pt; color: #333333;\"><span lang=\"es-ES\">Improvisaci\u00f3 de 28 minuts de durada<\/span><span lang=\"es-ES_tradnl\">\u00a0<\/span>a c\u00e0rrec d&#8217;Antoni Tolmos<\/p>\n<p style=\"margin: 0in; line-height: 18pt; font-family: Georgia; font-size: 12.0pt; color: #333333;\"><span lang=\"es-ES\"><strong>Aquarel.les<\/strong>\u00a0<\/span><\/p>\n<p style=\"margin: 0in; line-height: 18pt; font-family: Georgia; font-size: 12.0pt; color: #333333;\"><span lang=\"es-ES\">Projecci\u00f3 de la filmaci\u00f3 digital de<\/span><span lang=\"es-ES_tradnl\">\u00a0<\/span>25 obres de l&#8217;aquarel.lista M\u00e0rius Carretero<\/p>\n<p><strong>Organitzat<\/strong><\/p>\n<p>Espectacle organitzat per HARMONIC management.<\/p>\n<p><strong>Producci\u00f3<\/strong><\/p>\n<p>Enregistrat en l&#8217;Auditori de la Caixa de Lleida, el 29 de desembre de 2001 en directe amb l&#8217;assist\u00e8ncia de p\u00fablic. L&#8217;edici\u00f3 d&#8217;aquest DVD es va fer l&#8217;any 2011 amb\u00a0motiu de l&#8217;homenatge que la ciutat de Lleida va fer de la figura d&#8217;en M\u00e0rius Carretero que ens havia deixat un any abans. <strong>Musicolors<\/strong>\u00a0tamb\u00e9 es va poder escoltar, per darrera vegada, en directe a la ciutat de <strong>Viena<\/strong> l&#8217;agost de 2010 en un concert que Antoni Tolmos ofer\u00ed a la &#8220;Cal Gallery&#8221; on exposava el pintor Lleidat\u00e0 a t\u00edtol p\u00f2stum.<\/p>\n<p><em>&#8220;Escoltar la pintura, mirar la m\u00fasica, tot \u00e9s possible en el m\u00f3n de l&#8217;art. Veia la m\u00fasica que sortia de les aquarel\u00b7les d&#8217;en M\u00e0rius quan visitava les seves exposicions. Necessitava despr\u00e9s posar-me en el meu piano i que les mans em diguessin el que havien vist. I les mans parlaven d&#8217;una m\u00fasica transparent, l\u00edrica i molt profunda. La perfecci\u00f3 del pinzell d&#8217;en M\u00e0rius donava peu a sentir aquells paisatges com si fossin propis. Tots s\u00f3n espais fant\u00e0stics per a poder perdre-s&#8217;hi. Tots conviden a entrar-hi. La sala d&#8217;exposicions es converteix en una cambra acollidora on cada una de les aquarel\u00b7les \u00e9s una finestra oberta a un paisatge, a m\u00e9s enll\u00e0 d&#8217;un paisatge\u2026<\/em><\/p>\n<p><em>En Musicolors no vaig fer res m\u00e9s que buscar en el piano el que hi veia en les aquarel\u00b7les, i si el resultat va agradar tant al mateix M\u00e0rius, n&#8217;ha d&#8217;estar molt content, perqu\u00e8 aquesta m\u00fasica l&#8217;ha pintada ell.&#8221;<\/em><\/p>\n<p><strong>Antoni Tolmos \u00a9 2002<\/strong><\/p>\n<p><em>&#8220;Musicolors, va estar un somni. El somni que tot artista pl\u00e0stic, un cop o altre en la vida, ha tingut. Veure, o millor dit, escoltar les seves obres convertides en m\u00fasica. Els somnis s\u00f3n cosa de mags. I m\u00e0giques van estar les mans i l\u2019esperit d\u2019Antoni Tolmos la nit de l\u2019estrena.<\/em><\/p>\n<p><em>Nom\u00e9s la idea exposada per Tolmos al novembre de 2001 ja va aconseguir fer-me unes pessigolles a l\u2019\u00e0nima, que feien suposar aquell delici\u00f3s esglai davant de lo desconegut. Mai s\u2019havia intentat una cosa semblant. El resultat no podia ser mai un frac\u00e0s, hi havia massa il\u00b7lusi\u00f3 d\u2019ambdues parts. I la paraula frac\u00e0s va ser l\u2019\u00fanica que no es va sentir aquell 29 de desembre de 2001, m\u00e9s que mai congelat, a l\u2019auditori de la Caixa de Lleida.<\/em><\/p>\n<p><em>Encara ara, puc escoltar els meus paisatges, un per un, tal com les aquarel\u00b7les anaven succeint-se a la pantalla de l\u2019auditori. Nom\u00e9s em feia una pregunta durant els 30 minuts que va durar Musicolors. Com, d\u2019unes obres fetes en un humil cavallet del meu estudi, podia sorgir una m\u00fasica tan acurada, dol\u00e7a i immensa? Suposo que la resposta estava en la m\u00e0gia. La m\u00e0gia de l\u2019\u00e0nima d\u2019artista nat, senzill per\u00f2 grandi\u00f3s que encabeix, entre batec i batec, el cor de l\u2019Antoni Tolmos.&#8221;<\/em><\/p>\n<p><strong>M\u00e0rius Carretero \u00a9 2002<\/strong><\/p>\n<p>&nbsp;<\/p>\n<p>&nbsp;<br \/>\n[\/et_pb_text][\/et_pb_column][\/et_pb_row][\/et_pb_section][et_pb_section fb_built=&#8221;1&#8243; custom_padding_last_edited=&#8221;on|desktop&#8221; admin_label=&#8221;section&#8221; _builder_version=&#8221;3.22&#8243; background_color=&#8221;#424242&#8243; custom_padding=&#8221;|||&#8221; custom_padding_tablet=&#8221;50px|0|50px|0&#8243; transparent_background=&#8221;off&#8221; padding_mobile=&#8221;off&#8221; make_fullwidth=&#8221;off&#8221; use_custom_width=&#8221;off&#8221; width_unit=&#8221;on&#8221; global_module=&#8221;343&#8243; locked=&#8221;off&#8221; global_colors_info=&#8221;{}&#8221; custom_padding_phone=&#8221;50px|0|50px|0&#8243;][et_pb_row column_structure=&#8221;1_3,1_3,1_3&#8243; admin_label=&#8221;row&#8221; _builder_version=&#8221;4.16&#8243; custom_margin=&#8221;52px|||&#8221; custom_padding=&#8221;0||0px|&#8221; global_colors_info=&#8221;{}&#8221;][et_pb_column type=&#8221;1_3&#8243; _builder_version=&#8221;4.16&#8243; custom_padding=&#8221;|||&#8221; global_colors_info=&#8221;{}&#8221; custom_padding__hover=&#8221;|||&#8221;][et_pb_sidebar area=&#8221;et_pb_widget_area_3&#8243; show_border=&#8221;off&#8221; admin_label=&#8221;Barra lateral&#8221; _builder_version=&#8221;4.16&#8243; background_layout=&#8221;dark&#8221; link_option_url_new_window=&#8221;on&#8221; remove_border=&#8221;on&#8221; global_colors_info=&#8221;{}&#8221;][\/et_pb_sidebar][\/et_pb_column][et_pb_column type=&#8221;1_3&#8243; _builder_version=&#8221;4.16&#8243; custom_padding=&#8221;|||&#8221; global_colors_info=&#8221;{}&#8221; custom_padding__hover=&#8221;|||&#8221;][et_pb_sidebar area=&#8221;et_pb_widget_area_4&#8243; show_border=&#8221;off&#8221; admin_label=&#8221;Barra lateral&#8221; _builder_version=&#8221;4.16&#8243; background_layout=&#8221;dark&#8221; remove_border=&#8221;on&#8221; global_colors_info=&#8221;{}&#8221;][\/et_pb_sidebar][\/et_pb_column][et_pb_column type=&#8221;1_3&#8243; _builder_version=&#8221;4.16&#8243; custom_padding=&#8221;|||&#8221; global_colors_info=&#8221;{}&#8221; custom_padding__hover=&#8221;|||&#8221;][et_pb_sidebar area=&#8221;et_pb_widget_area_2&#8243; show_border=&#8221;off&#8221; admin_label=&#8221;Barra lateral&#8221; _builder_version=&#8221;4.16&#8243; background_layout=&#8221;dark&#8221; remove_border=&#8221;on&#8221; global_colors_info=&#8221;{}&#8221;][\/et_pb_sidebar][\/et_pb_column][\/et_pb_row][\/et_pb_section]<\/p>\n","protected":false},"excerpt":{"rendered":"<p>Obra\u00a0 Musicolors, improvisaci\u00f3 pian\u00edstica sobre\u00a0aquarel.les\u00a0 Autors Antoni Tolmos i M\u00e0rius Carretero M\u00fasica Improvisaci\u00f3 de 28 minuts de durada\u00a0a c\u00e0rrec d&#8217;Antoni Tolmos Aquarel.les\u00a0 Projecci\u00f3 de la filmaci\u00f3 digital de\u00a025 obres de l&#8217;aquarel.lista M\u00e0rius Carretero Organitzat Espectacle organitzat per HARMONIC management. Producci\u00f3 Enregistrat en l&#8217;Auditori de la Caixa de Lleida, el 29 de desembre de 2001 en [&hellip;]<\/p>\n","protected":false},"author":2,"featured_media":14665,"comment_status":"open","ping_status":"closed","template":"","meta":{"_et_pb_use_builder":"on","_et_pb_old_content":"","_et_gb_content_width":"","footnotes":""},"project_category":[32],"project_tag":[],"class_list":["post-1811","project","type-project","status-publish","has-post-thumbnail","hentry","project_category-cds-en"],"yoast_head":"<!-- This site is optimized with the Yoast SEO plugin v27.5 - https:\/\/yoast.com\/product\/yoast-seo-wordpress\/ -->\n<title>CD\/DVD Musicolors (2001) - Antoni Tolmos - pianist, composer &amp; lecturer<\/title>\n<meta name=\"robots\" content=\"index, follow, max-snippet:-1, max-image-preview:large, max-video-preview:-1\" \/>\n<link rel=\"canonical\" href=\"https:\/\/antonitolmos.com\/en\/project\/cd-dvd-musicolors-2001\/\" \/>\n<meta property=\"og:locale\" content=\"en_US\" \/>\n<meta property=\"og:type\" content=\"article\" \/>\n<meta property=\"og:title\" content=\"CD\/DVD Musicolors (2001) - Antoni Tolmos - pianist, composer &amp; lecturer\" \/>\n<meta property=\"og:description\" content=\"Obra\u00a0 Musicolors, improvisaci\u00f3 pian\u00edstica sobre\u00a0aquarel.les\u00a0 Autors Antoni Tolmos i M\u00e0rius Carretero M\u00fasica Improvisaci\u00f3 de 28 minuts de durada\u00a0a c\u00e0rrec d&#039;Antoni Tolmos Aquarel.les\u00a0 Projecci\u00f3 de la filmaci\u00f3 digital de\u00a025 obres de l&#039;aquarel.lista M\u00e0rius Carretero Organitzat Espectacle organitzat per HARMONIC management. Producci\u00f3 Enregistrat en l&#039;Auditori de la Caixa de Lleida, el 29 de desembre de 2001 en [&hellip;]\" \/>\n<meta property=\"og:url\" content=\"https:\/\/antonitolmos.com\/en\/project\/cd-dvd-musicolors-2001\/\" \/>\n<meta property=\"og:site_name\" content=\"Antoni Tolmos - pianist, composer &amp; lecturer\" \/>\n<meta property=\"article:modified_time\" content=\"2024-11-18T17:54:41+00:00\" \/>\n<meta property=\"og:image\" content=\"https:\/\/antonitolmos.com\/files\/DVDMusicolors.jpg\" \/>\n\t<meta property=\"og:image:width\" content=\"673\" \/>\n\t<meta property=\"og:image:height\" content=\"659\" \/>\n\t<meta property=\"og:image:type\" content=\"image\/jpeg\" \/>\n<meta name=\"twitter:card\" content=\"summary_large_image\" \/>\n<meta name=\"twitter:label1\" content=\"Est. reading time\" \/>\n\t<meta name=\"twitter:data1\" content=\"7 minutes\" \/>\n<script type=\"application\/ld+json\" class=\"yoast-schema-graph\">{\"@context\":\"https:\\\/\\\/schema.org\",\"@graph\":[{\"@type\":\"WebPage\",\"@id\":\"https:\\\/\\\/antonitolmos.com\\\/en\\\/project\\\/cd-dvd-musicolors-2001\\\/\",\"url\":\"https:\\\/\\\/antonitolmos.com\\\/en\\\/project\\\/cd-dvd-musicolors-2001\\\/\",\"name\":\"CD\\\/DVD Musicolors (2001) - Antoni Tolmos - pianist, composer &amp; lecturer\",\"isPartOf\":{\"@id\":\"https:\\\/\\\/antonitolmos.com\\\/es\\\/#website\"},\"primaryImageOfPage\":{\"@id\":\"https:\\\/\\\/antonitolmos.com\\\/en\\\/project\\\/cd-dvd-musicolors-2001\\\/#primaryimage\"},\"image\":{\"@id\":\"https:\\\/\\\/antonitolmos.com\\\/en\\\/project\\\/cd-dvd-musicolors-2001\\\/#primaryimage\"},\"thumbnailUrl\":\"https:\\\/\\\/antonitolmos.com\\\/files\\\/DVDMusicolors.jpg\",\"datePublished\":\"2001-09-19T16:41:54+00:00\",\"dateModified\":\"2024-11-18T17:54:41+00:00\",\"breadcrumb\":{\"@id\":\"https:\\\/\\\/antonitolmos.com\\\/en\\\/project\\\/cd-dvd-musicolors-2001\\\/#breadcrumb\"},\"inLanguage\":\"en-US\",\"potentialAction\":[{\"@type\":\"ReadAction\",\"target\":[\"https:\\\/\\\/antonitolmos.com\\\/en\\\/project\\\/cd-dvd-musicolors-2001\\\/\"]}]},{\"@type\":\"ImageObject\",\"inLanguage\":\"en-US\",\"@id\":\"https:\\\/\\\/antonitolmos.com\\\/en\\\/project\\\/cd-dvd-musicolors-2001\\\/#primaryimage\",\"url\":\"https:\\\/\\\/antonitolmos.com\\\/files\\\/DVDMusicolors.jpg\",\"contentUrl\":\"https:\\\/\\\/antonitolmos.com\\\/files\\\/DVDMusicolors.jpg\",\"width\":673,\"height\":659},{\"@type\":\"BreadcrumbList\",\"@id\":\"https:\\\/\\\/antonitolmos.com\\\/en\\\/project\\\/cd-dvd-musicolors-2001\\\/#breadcrumb\",\"itemListElement\":[{\"@type\":\"ListItem\",\"position\":1,\"name\":\"Inici\",\"item\":\"https:\\\/\\\/antonitolmos.com\\\/en\\\/\"},{\"@type\":\"ListItem\",\"position\":2,\"name\":\"Proyectos\",\"item\":\"https:\\\/\\\/antonitolmos.com\\\/es\\\/edicion\\\/\"},{\"@type\":\"ListItem\",\"position\":3,\"name\":\"CD\\\/DVD Musicolors (2001)\"}]},{\"@type\":\"WebSite\",\"@id\":\"https:\\\/\\\/antonitolmos.com\\\/es\\\/#website\",\"url\":\"https:\\\/\\\/antonitolmos.com\\\/es\\\/\",\"name\":\"Antoni Tolmos - pianist, composer &amp; lecturer\",\"description\":\"pianista &amp; compositor\",\"potentialAction\":[{\"@type\":\"SearchAction\",\"target\":{\"@type\":\"EntryPoint\",\"urlTemplate\":\"https:\\\/\\\/antonitolmos.com\\\/es\\\/?s={search_term_string}\"},\"query-input\":{\"@type\":\"PropertyValueSpecification\",\"valueRequired\":true,\"valueName\":\"search_term_string\"}}],\"inLanguage\":\"en-US\"}]}<\/script>\n<!-- \/ Yoast SEO plugin. -->","yoast_head_json":{"title":"CD\/DVD Musicolors (2001) - Antoni Tolmos - pianist, composer &amp; lecturer","robots":{"index":"index","follow":"follow","max-snippet":"max-snippet:-1","max-image-preview":"max-image-preview:large","max-video-preview":"max-video-preview:-1"},"canonical":"https:\/\/antonitolmos.com\/en\/project\/cd-dvd-musicolors-2001\/","og_locale":"en_US","og_type":"article","og_title":"CD\/DVD Musicolors (2001) - Antoni Tolmos - pianist, composer &amp; lecturer","og_description":"Obra\u00a0 Musicolors, improvisaci\u00f3 pian\u00edstica sobre\u00a0aquarel.les\u00a0 Autors Antoni Tolmos i M\u00e0rius Carretero M\u00fasica Improvisaci\u00f3 de 28 minuts de durada\u00a0a c\u00e0rrec d'Antoni Tolmos Aquarel.les\u00a0 Projecci\u00f3 de la filmaci\u00f3 digital de\u00a025 obres de l'aquarel.lista M\u00e0rius Carretero Organitzat Espectacle organitzat per HARMONIC management. Producci\u00f3 Enregistrat en l'Auditori de la Caixa de Lleida, el 29 de desembre de 2001 en [&hellip;]","og_url":"https:\/\/antonitolmos.com\/en\/project\/cd-dvd-musicolors-2001\/","og_site_name":"Antoni Tolmos - pianist, composer &amp; lecturer","article_modified_time":"2024-11-18T17:54:41+00:00","og_image":[{"width":673,"height":659,"url":"https:\/\/antonitolmos.com\/files\/DVDMusicolors.jpg","type":"image\/jpeg"}],"twitter_card":"summary_large_image","twitter_misc":{"Est. reading time":"7 minutes"},"schema":{"@context":"https:\/\/schema.org","@graph":[{"@type":"WebPage","@id":"https:\/\/antonitolmos.com\/en\/project\/cd-dvd-musicolors-2001\/","url":"https:\/\/antonitolmos.com\/en\/project\/cd-dvd-musicolors-2001\/","name":"CD\/DVD Musicolors (2001) - Antoni Tolmos - pianist, composer &amp; lecturer","isPartOf":{"@id":"https:\/\/antonitolmos.com\/es\/#website"},"primaryImageOfPage":{"@id":"https:\/\/antonitolmos.com\/en\/project\/cd-dvd-musicolors-2001\/#primaryimage"},"image":{"@id":"https:\/\/antonitolmos.com\/en\/project\/cd-dvd-musicolors-2001\/#primaryimage"},"thumbnailUrl":"https:\/\/antonitolmos.com\/files\/DVDMusicolors.jpg","datePublished":"2001-09-19T16:41:54+00:00","dateModified":"2024-11-18T17:54:41+00:00","breadcrumb":{"@id":"https:\/\/antonitolmos.com\/en\/project\/cd-dvd-musicolors-2001\/#breadcrumb"},"inLanguage":"en-US","potentialAction":[{"@type":"ReadAction","target":["https:\/\/antonitolmos.com\/en\/project\/cd-dvd-musicolors-2001\/"]}]},{"@type":"ImageObject","inLanguage":"en-US","@id":"https:\/\/antonitolmos.com\/en\/project\/cd-dvd-musicolors-2001\/#primaryimage","url":"https:\/\/antonitolmos.com\/files\/DVDMusicolors.jpg","contentUrl":"https:\/\/antonitolmos.com\/files\/DVDMusicolors.jpg","width":673,"height":659},{"@type":"BreadcrumbList","@id":"https:\/\/antonitolmos.com\/en\/project\/cd-dvd-musicolors-2001\/#breadcrumb","itemListElement":[{"@type":"ListItem","position":1,"name":"Inici","item":"https:\/\/antonitolmos.com\/en\/"},{"@type":"ListItem","position":2,"name":"Proyectos","item":"https:\/\/antonitolmos.com\/es\/edicion\/"},{"@type":"ListItem","position":3,"name":"CD\/DVD Musicolors (2001)"}]},{"@type":"WebSite","@id":"https:\/\/antonitolmos.com\/es\/#website","url":"https:\/\/antonitolmos.com\/es\/","name":"Antoni Tolmos - pianist, composer &amp; lecturer","description":"pianista &amp; compositor","potentialAction":[{"@type":"SearchAction","target":{"@type":"EntryPoint","urlTemplate":"https:\/\/antonitolmos.com\/es\/?s={search_term_string}"},"query-input":{"@type":"PropertyValueSpecification","valueRequired":true,"valueName":"search_term_string"}}],"inLanguage":"en-US"}]}},"_links":{"self":[{"href":"https:\/\/antonitolmos.com\/en\/wp-json\/wp\/v2\/project\/1811","targetHints":{"allow":["GET"]}}],"collection":[{"href":"https:\/\/antonitolmos.com\/en\/wp-json\/wp\/v2\/project"}],"about":[{"href":"https:\/\/antonitolmos.com\/en\/wp-json\/wp\/v2\/types\/project"}],"author":[{"embeddable":true,"href":"https:\/\/antonitolmos.com\/en\/wp-json\/wp\/v2\/users\/2"}],"replies":[{"embeddable":true,"href":"https:\/\/antonitolmos.com\/en\/wp-json\/wp\/v2\/comments?post=1811"}],"version-history":[{"count":1,"href":"https:\/\/antonitolmos.com\/en\/wp-json\/wp\/v2\/project\/1811\/revisions"}],"predecessor-version":[{"id":14670,"href":"https:\/\/antonitolmos.com\/en\/wp-json\/wp\/v2\/project\/1811\/revisions\/14670"}],"wp:featuredmedia":[{"embeddable":true,"href":"https:\/\/antonitolmos.com\/en\/wp-json\/wp\/v2\/media\/14665"}],"wp:attachment":[{"href":"https:\/\/antonitolmos.com\/en\/wp-json\/wp\/v2\/media?parent=1811"}],"wp:term":[{"taxonomy":"project_category","embeddable":true,"href":"https:\/\/antonitolmos.com\/en\/wp-json\/wp\/v2\/project_category?post=1811"},{"taxonomy":"project_tag","embeddable":true,"href":"https:\/\/antonitolmos.com\/en\/wp-json\/wp\/v2\/project_tag?post=1811"}],"curies":[{"name":"wp","href":"https:\/\/api.w.org\/{rel}","templated":true}]}}