{"id":1739,"date":"2011-09-20T10:42:53","date_gmt":"2011-09-20T08:42:53","guid":{"rendered":"http:\/\/antonitolmos.com\/en\/project\/dvd-endavant-musicdown\/"},"modified":"2024-12-02T14:46:41","modified_gmt":"2024-12-02T13:46:41","slug":"dvd-endavant-musicdown","status":"publish","type":"project","link":"https:\/\/antonitolmos.com\/en\/project\/dvd-endavant-musicdown\/","title":{"rendered":"DVD Endavant MusicDown (2011)"},"content":{"rendered":"<p>[et_pb_section fb_built=&#8221;1&#8243; fullwidth=&#8221;on&#8221; custom_padding_last_edited=&#8221;on|desktop&#8221; admin_label=&#8221;section&#8221; module_class=&#8221;toptituloheader&#8221; _builder_version=&#8221;4.16&#8243; custom_padding=&#8221;0||0|&#8221; custom_padding_tablet=&#8221;50px|0|50px|0&#8243; custom_padding_phone=&#8221;50px|0|50px|0&#8243; transparent_background=&#8221;off&#8221; padding_mobile=&#8221;off&#8221; make_fullwidth=&#8221;off&#8221; use_custom_width=&#8221;off&#8221; width_unit=&#8221;on&#8221; global_colors_info=&#8221;{}&#8221;][et_pb_fullwidth_header title=&#8221;DVD Endavant MusicDown (2011)&#8221; subhead=&#8221;2013&#8243; content_max_width=&#8221;none&#8221; admin_label=&#8221;T\u00edtulo de anchura completa&#8221; _builder_version=&#8221;4.16&#8243; background_color=&#8221;rgba(255, 255, 255, 0)&#8221; background_layout=&#8221;light&#8221; button_one_letter_spacing_hover=&#8221;0&#8243; button_two_letter_spacing_hover=&#8221;0&#8243; global_colors_info=&#8221;{}&#8221; button_one_text_size__hover_enabled=&#8221;off&#8221; button_two_text_size__hover_enabled=&#8221;off&#8221; button_one_text_color__hover_enabled=&#8221;off&#8221; button_two_text_color__hover_enabled=&#8221;off&#8221; button_one_border_width__hover_enabled=&#8221;off&#8221; button_two_border_width__hover_enabled=&#8221;off&#8221; button_one_border_color__hover_enabled=&#8221;off&#8221; button_two_border_color__hover_enabled=&#8221;off&#8221; button_one_border_radius__hover_enabled=&#8221;off&#8221; button_two_border_radius__hover_enabled=&#8221;off&#8221; button_one_letter_spacing__hover_enabled=&#8221;on&#8221; button_one_letter_spacing__hover=&#8221;0&#8243; button_two_letter_spacing__hover_enabled=&#8221;on&#8221; button_two_letter_spacing__hover=&#8221;0&#8243; button_one_bg_color__hover_enabled=&#8221;off&#8221; button_two_bg_color__hover_enabled=&#8221;off&#8221;] [\/et_pb_fullwidth_header][\/et_pb_section][et_pb_section fb_built=&#8221;1&#8243; custom_padding_last_edited=&#8221;on|desktop&#8221; admin_label=&#8221;section&#8221; _builder_version=&#8221;4.16&#8243; custom_padding=&#8221;0|||&#8221; custom_padding_tablet=&#8221;50px|0|50px|0&#8243; custom_padding_phone=&#8221;50px|0|50px|0&#8243; transparent_background=&#8221;off&#8221; padding_mobile=&#8221;off&#8221; make_fullwidth=&#8221;off&#8221; use_custom_width=&#8221;off&#8221; width_unit=&#8221;on&#8221; global_colors_info=&#8221;{}&#8221;][et_pb_row column_structure=&#8221;1_3,2_3&#8243; padding_mobile=&#8221;off&#8221; admin_label=&#8221;row&#8221; _builder_version=&#8221;4.16&#8243; background_size=&#8221;initial&#8221; background_position=&#8221;top_left&#8221; background_repeat=&#8221;repeat&#8221; custom_padding=&#8221;0|50&#8243; make_fullwidth=&#8221;off&#8221; use_custom_width=&#8221;off&#8221; width_unit=&#8221;on&#8221; global_colors_info=&#8221;{}&#8221;][et_pb_column type=&#8221;1_3&#8243; _builder_version=&#8221;4.16&#8243; custom_padding=&#8221;|||&#8221; global_colors_info=&#8221;{}&#8221; custom_padding__hover=&#8221;|||&#8221;][et_pb_image src=&#8221;https:\/\/antonitolmos.com\/files\/DVD.jpg&#8221; align_tablet=&#8221;center&#8221; align_phone=&#8221;center&#8221; align_last_edited=&#8221;on|desktop&#8221; admin_label=&#8221;Imagen&#8221; _builder_version=&#8221;4.16&#8243; sticky=&#8221;off&#8221; use_border_color=&#8221;off&#8221; border_color=&#8221;#ffffff&#8221; border_style=&#8221;solid&#8221; always_center_on_mobile=&#8221;on&#8221; global_colors_info=&#8221;{}&#8221;] [\/et_pb_image][\/et_pb_column][et_pb_column type=&#8221;2_3&#8243; _builder_version=&#8221;4.16&#8243; custom_padding=&#8221;|||&#8221; global_colors_info=&#8221;{}&#8221; custom_padding__hover=&#8221;|||&#8221;][et_pb_code admin_label=&#8221;C\u00f3digo&#8221; _builder_version=&#8221;4.16&#8243; global_colors_info=&#8221;{}&#8221;]<iframe loading=\"lazy\" src=\"https:\/\/player.vimeo.com\/video\/39784992\" width=\"560\" height=\"315\" frameborder=\"0\" webkitallowfullscreen mozallowfullscreen allowfullscreen><\/iframe> <pee><a href=\"https:\/\/vimeo.com\/39784992\">La princesa del potser s\u00ed &#8211; MUSIC\u00d2MIC &#8211; MUSICDOWN<\/a> from <a href=\"https:\/\/vimeo.com\/communikt\">communikt!<\/a> on <a href=\"https:\/\/vimeo.com\">Vimeo<\/a>.<\/pee>[\/et_pb_code][\/et_pb_column][\/et_pb_row][et_pb_row column_structure=&#8221;1_3,2_3&#8243; padding_mobile=&#8221;off&#8221; admin_label=&#8221;row&#8221; _builder_version=&#8221;4.16&#8243; background_size=&#8221;initial&#8221; background_position=&#8221;top_left&#8221; background_repeat=&#8221;repeat&#8221; custom_padding=&#8221;50|&#8221; make_fullwidth=&#8221;off&#8221; use_custom_width=&#8221;off&#8221; width_unit=&#8221;on&#8221; global_colors_info=&#8221;{}&#8221;][et_pb_column type=&#8221;1_3&#8243; _builder_version=&#8221;4.16&#8243; custom_padding=&#8221;|||&#8221; global_colors_info=&#8221;{}&#8221; custom_padding__hover=&#8221;|||&#8221;][et_pb_text admin_label=&#8221;Texto&#8221; _builder_version=&#8221;4.16&#8243; background_size=&#8221;initial&#8221; background_position=&#8221;top_left&#8221; background_repeat=&#8221;repeat&#8221; use_border_color=&#8221;off&#8221; border_color=&#8221;#ffffff&#8221; border_style=&#8221;solid&#8221; global_colors_info=&#8221;{}&#8221;]<\/p>\n<h3><\/h3>\n<h3><strong>Una producci\u00f3 de Down Catalunya i Antoni Tolmos<\/strong><\/h3>\n<p>&nbsp;<\/p>\n<h3><a href=\"https:\/\/antonitolmos.com\/files\/tolmusicPro-.jpg\"><img decoding=\"async\" class=\"alignnone size-medium wp-image-658\" src=\"https:\/\/antonitolmos.com\/files\/tolmusicPro--300x34.jpg\" alt=\"Tolmusic Pro\" width=\"300\" height=\"34\" srcset=\"https:\/\/antonitolmos.com\/files\/tolmusicPro--300x34.jpg 300w, https:\/\/antonitolmos.com\/files\/tolmusicPro--1024x117.jpg 1024w, https:\/\/antonitolmos.com\/files\/tolmusicPro--1080x123.jpg 1080w\" sizes=\"(max-width: 300px) 100vw, 300px\" \/><\/a>\u00a0 \u00a0 \u00a0 \u00a0 \u00a0\u00a0<a href=\"https:\/\/antonitolmos.com\/files\/Logo-Down-Catalunya.jpg\"><img decoding=\"async\" class=\"alignnone wp-image-688\" src=\"https:\/\/antonitolmos.com\/files\/Logo-Down-Catalunya-300x94.jpg\" alt=\"Logo-Down-Catalunya\" width=\"177\" height=\"65\" \/><\/a><\/h3>\n<p>[\/et_pb_text][et_pb_gallery gallery_ids=&#8221;700,701,702,703,704,707,1322,709,710,711,712&#8243; fullwidth=&#8221;on&#8221; admin_label=&#8221;Gallery&#8221; _builder_version=&#8221;4.16&#8243; caption_all_caps=&#8221;off&#8221; use_border_color=&#8221;off&#8221; border_color=&#8221;#ffffff&#8221; border_style=&#8221;solid&#8221; global_colors_info=&#8221;{}&#8221;] [\/et_pb_gallery][\/et_pb_column][et_pb_column type=&#8221;2_3&#8243; _builder_version=&#8221;4.16&#8243; custom_padding=&#8221;|||&#8221; global_colors_info=&#8221;{}&#8221; custom_padding__hover=&#8221;|||&#8221;][et_pb_text admin_label=&#8221;Texto&#8221; _builder_version=&#8221;4.22.1&#8243; background_size=&#8221;initial&#8221; background_position=&#8221;top_left&#8221; background_repeat=&#8221;repeat&#8221; use_border_color=&#8221;off&#8221; border_color=&#8221;#ffffff&#8221; border_style=&#8221;solid&#8221; global_colors_info=&#8221;{}&#8221;]<\/p>\n<p>El 2009 la Coordinadora S\u00edndrome de Down de Catalunya va posar en marxa el projecte musical Down Catalunya i es va constitu\u00efr l\u2019Orquestra MusicDown.<\/p>\n<p>El projecte ha suposat reunir en una mateixa orquestra un 50 % de persones amb discapacitats i 50 % de m\u00fasics amateurs. Com a m\u00ednim, tots els m\u00fasics tenen una formaci\u00f3 instrumental de grau elemental.<\/p>\n<p>Durant el mes de novembre i desembre d\u2019aquest any presentaran el fruit del seu treball, una obra del compositor lleidat\u00e0 Antoni Tolmos, MusiComic, concert per a c\u00f2mic i orquestra, amb imatges de dibuixos de Picanyol.\u00a0 La composici\u00f3 est\u00e0 basada en l\u2019adaptaci\u00f3 de tres contes tradicionals: \u201cLa princesa del potser si\u201d, \u201cEl ferrer i el dimoni\u201d i \u201cEl que v\u00f3s digueu, mare\u201d, explicats mitjan\u00e7ant m\u00fasica, imatges i text parlat.<\/p>\n<p><strong>Sobre l\u2019obra<\/strong><\/p>\n<p>MusiComic, concert per a c\u00f2mic i orquestra (imatge i m\u00fasica) \u00e9s una composici\u00f3 escrita el 2003 per a la cloenda de les col\u00f2nies musicals de la Camerata XXI i que es va estrenar a l\u2019Auditori de El Vendrell per una orquestra simf\u00f2nica formada per nens i nenes d\u2019entre 8 i 12 anys.<\/p>\n<p>L\u2019obra est\u00e0 escrita per a ser interpretada per una formaci\u00f3 instrumental constitu\u00efda per: clarinet, flauta travessera, saxo alt, tromb\u00f3, trompa en Fa, trompeta, viol\u00ed, viola, violoncel,\u00a0 contrabaix, percussions i narradors.<\/p>\n<p>La partitura, que podeu trobar editada per D\u00ednsic, \u00e9s molt original, perqu\u00e8 a m\u00e9s de la m\u00fasica s\u2019inclouen les tires de les vinyetes del dibuixant de la revista Cavall Fort Picanyol (Josep mart\u00ednez Picanyol) sobre els contes que corresponen a cada part.<\/p>\n<p>[\/et_pb_text][\/et_pb_column][\/et_pb_row][et_pb_row column_structure=&#8221;1_3,1_3,1_3&#8243; admin_label=&#8221;Row&#8221; _builder_version=&#8221;4.16&#8243; background_size=&#8221;initial&#8221; background_position=&#8221;top_left&#8221; background_repeat=&#8221;repeat&#8221; global_colors_info=&#8221;{}&#8221;][et_pb_column type=&#8221;1_3&#8243; _builder_version=&#8221;4.16&#8243; custom_padding=&#8221;|||&#8221; global_colors_info=&#8221;{}&#8221; custom_padding__hover=&#8221;|||&#8221;][et_pb_code admin_label=&#8221;Code&#8221; _builder_version=&#8221;4.16&#8243; global_colors_info=&#8221;{}&#8221;]<iframe loading=\"lazy\" src=\"https:\/\/player.vimeo.com\/video\/39784991\" width=\"250\" height=\"140\" frameborder=\"0\" webkitallowfullscreen mozallowfullscreen allowfullscreen><\/iframe> <pee><a href=\"https:\/\/vimeo.com\/39784991\">documental MUSICDOWN<\/a> from <a href=\"https:\/\/vimeo.com\/communikt\">communikt!<\/a> on <a href=\"https:\/\/vimeo.com\">Vimeo<\/a>.<\/pee>[\/et_pb_code][\/et_pb_column][et_pb_column type=&#8221;1_3&#8243; _builder_version=&#8221;4.16&#8243; custom_padding=&#8221;|||&#8221; global_colors_info=&#8221;{}&#8221; custom_padding__hover=&#8221;|||&#8221;][et_pb_code admin_label=&#8221;Code&#8221; _builder_version=&#8221;4.16&#8243; global_colors_info=&#8221;{}&#8221;]<iframe loading=\"lazy\" src=\"https:\/\/player.vimeo.com\/video\/39784993\" width=\"250\" height=\"140\" frameborder=\"0\" webkitallowfullscreen mozallowfullscreen allowfullscreen><\/iframe> <pee><a href=\"https:\/\/vimeo.com\/39784993\">El ferrer i el dimoni &#8211; MUSIC\u00d2MIC &#8211; MUSICDOWN<\/a> from <a href=\"https:\/\/vimeo.com\/communikt\">communikt!<\/a> on <a href=\"https:\/\/vimeo.com\">Vimeo<\/a>.<\/pee>[\/et_pb_code][\/et_pb_column][et_pb_column type=&#8221;1_3&#8243; _builder_version=&#8221;4.16&#8243; custom_padding=&#8221;|||&#8221; global_colors_info=&#8221;{}&#8221; custom_padding__hover=&#8221;|||&#8221;][et_pb_code admin_label=&#8221;Code&#8221; _builder_version=&#8221;4.16&#8243; global_colors_info=&#8221;{}&#8221;]<iframe loading=\"lazy\" src=\"https:\/\/player.vimeo.com\/video\/39784994\" width=\"250\" height=\"140\" frameborder=\"0\" webkitallowfullscreen mozallowfullscreen allowfullscreen><\/iframe> <pee><a href=\"https:\/\/vimeo.com\/39784994\">El que v\u00f3s digueu, mare &#8211; MUSIC\u00d2MIC &#8211; MUSICDOWN<\/a> from <a href=\"https:\/\/vimeo.com\/communikt\">communikt!<\/a> on <a href=\"https:\/\/vimeo.com\">Vimeo<\/a>.<\/pee>[\/et_pb_code][\/et_pb_column][\/et_pb_row][et_pb_row column_structure=&#8221;1_3,1_3,1_3&#8243; admin_label=&#8221;Row&#8221; _builder_version=&#8221;4.16&#8243; background_size=&#8221;initial&#8221; background_position=&#8221;top_left&#8221; background_repeat=&#8221;repeat&#8221; global_colors_info=&#8221;{}&#8221;][et_pb_column type=&#8221;1_3&#8243; _builder_version=&#8221;4.16&#8243; custom_padding=&#8221;|||&#8221; global_colors_info=&#8221;{}&#8221; custom_padding__hover=&#8221;|||&#8221;][et_pb_gallery gallery_ids=&#8221;715,716,1316,718&#8243; fullwidth=&#8221;on&#8221; admin_label=&#8221;Gallery&#8221; _builder_version=&#8221;4.16&#8243; caption_all_caps=&#8221;off&#8221; use_border_color=&#8221;off&#8221; border_color=&#8221;#ffffff&#8221; border_style=&#8221;solid&#8221; global_colors_info=&#8221;{}&#8221;] [\/et_pb_gallery][et_pb_text admin_label=&#8221;Text&#8221; _builder_version=&#8221;4.16&#8243; background_size=&#8221;initial&#8221; background_position=&#8221;top_left&#8221; background_repeat=&#8221;repeat&#8221; use_border_color=&#8221;off&#8221; border_color=&#8221;#ffffff&#8221; border_style=&#8221;solid&#8221; global_colors_info=&#8221;{}&#8221;]Reportatge a la revista Cavall Fort n\u00ba 1163<br \/>\n[\/et_pb_text][\/et_pb_column][et_pb_column type=&#8221;1_3&#8243; _builder_version=&#8221;4.16&#8243; custom_padding=&#8221;|||&#8221; global_colors_info=&#8221;{}&#8221; custom_padding__hover=&#8221;|||&#8221;][et_pb_text admin_label=&#8221;Text&#8221; _builder_version=&#8221;4.16&#8243; background_size=&#8221;initial&#8221; background_position=&#8221;top_left&#8221; background_repeat=&#8221;repeat&#8221; use_border_color=&#8221;off&#8221; border_color=&#8221;#ffffff&#8221; border_style=&#8221;solid&#8221; global_colors_info=&#8221;{}&#8221;]<strong>Concerts<\/strong><\/p>\n<p>Per poder oferir aquest muntatge \u00fanic, l\u2019Orquestra MusicDown es va reunir a Barcelona un dissabte al mat\u00ed al mes des de setembre de 2009. Sota la direcci\u00f3 del mateix compositor, Antoni Tolmos, l\u2019Orquestra MusicDown van presentar a la tardor de 2010 aquesta posada en escena a les seg\u00fcents localitats:<\/p>\n<p>* Barcelona: 13 de Novembre, a les 18h, a l\u2019Auditori AXA.<\/p>\n<p>* Sabadell: 20 de novembre, a les 19 h, al Teatre la Far\u00e0ndula.<\/p>\n<p>* Girona: 11 de desembre, a les 18 h, a l\u2019Auditori de \u201cla Caixa\u201d (c\/Santa Clara).<\/p>\n<p>* Lleida: 18 de desembre, a les 18 h, al Caixaforum.<\/p>\n<p>Aquesta experi\u00e8ncia posa de manifest que les arts en general i la m\u00fasica en particular s\u00f3n un mitj\u00e0 per a la integraci\u00f3 i la inclusi\u00f3, i que m\u00e9s enll\u00e0 de les paraules, els sentits perceptius i les capacitats mentals, darrera de cada persona hi ha un cor que batega. Aquest \u00e9s, precisament, l\u2019objectiu de la Coordinadora de S\u00edndrome de Down de Catalunya.<\/p>\n<p>&nbsp;<br \/>\n[\/et_pb_text][\/et_pb_column][et_pb_column type=&#8221;1_3&#8243; _builder_version=&#8221;4.16&#8243; custom_padding=&#8221;|||&#8221; global_colors_info=&#8221;{}&#8221; custom_padding__hover=&#8221;|||&#8221;][et_pb_image src=&#8221;https:\/\/antonitolmos.com\/files\/down-2010.png&#8221; title_text=&#8221;DOWN 2010&#8243; url=&#8221;https:\/\/beteve.cat\/cultura\/lorquestra-music-down-compta-amb-musics-amb-discapacitat-psiquica\/&#8221; url_new_window=&#8221;on&#8221; _builder_version=&#8221;4.22.1&#8243; _module_preset=&#8221;default&#8221; locked=&#8221;off&#8221; global_colors_info=&#8221;{}&#8221;][\/et_pb_image][et_pb_text _builder_version=&#8221;4.27.4&#8243; _module_preset=&#8221;default&#8221; hover_enabled=&#8221;0&#8243; sticky_enabled=&#8221;0&#8243;]<\/p>\n<p><iframe loading=\"lazy\" title=\"Orquestra Music Down a TVE\" width=\"1080\" height=\"608\" src=\"https:\/\/www.youtube.com\/embed\/nmZ0owJx0ms?feature=oembed\"  allow=\"accelerometer; autoplay; clipboard-write; encrypted-media; gyroscope; picture-in-picture; web-share\" referrerpolicy=\"strict-origin-when-cross-origin\" allowfullscreen><\/iframe><\/p>\n<p>[\/et_pb_text][\/et_pb_column][\/et_pb_row][\/et_pb_section][et_pb_section fb_built=&#8221;1&#8243; custom_padding_last_edited=&#8221;on|desktop&#8221; admin_label=&#8221;section&#8221; _builder_version=&#8221;3.22&#8243; background_color=&#8221;#424242&#8243; custom_padding=&#8221;|||&#8221; custom_padding_tablet=&#8221;50px|0|50px|0&#8243; custom_padding_phone=&#8221;&#8221; transparent_background=&#8221;off&#8221; padding_mobile=&#8221;off&#8221; make_fullwidth=&#8221;off&#8221; use_custom_width=&#8221;off&#8221; width_unit=&#8221;on&#8221; global_module=&#8221;343&#8243; locked=&#8221;off&#8221; global_colors_info=&#8221;{}&#8221;][et_pb_row column_structure=&#8221;1_3,1_3,1_3&#8243; admin_label=&#8221;row&#8221; _builder_version=&#8221;4.16&#8243; custom_margin=&#8221;52px|||&#8221; custom_padding=&#8221;0||0px|&#8221; global_colors_info=&#8221;{}&#8221;][et_pb_column type=&#8221;1_3&#8243; _builder_version=&#8221;4.16&#8243; custom_padding=&#8221;|||&#8221; global_colors_info=&#8221;{}&#8221; custom_padding__hover=&#8221;|||&#8221;][et_pb_sidebar area=&#8221;et_pb_widget_area_3&#8243; show_border=&#8221;off&#8221; admin_label=&#8221;Barra lateral&#8221; _builder_version=&#8221;4.16&#8243; background_layout=&#8221;dark&#8221; link_option_url_new_window=&#8221;on&#8221; remove_border=&#8221;on&#8221; global_colors_info=&#8221;{}&#8221;][\/et_pb_sidebar][\/et_pb_column][et_pb_column type=&#8221;1_3&#8243; _builder_version=&#8221;4.16&#8243; custom_padding=&#8221;|||&#8221; global_colors_info=&#8221;{}&#8221; custom_padding__hover=&#8221;|||&#8221;][et_pb_sidebar area=&#8221;et_pb_widget_area_4&#8243; show_border=&#8221;off&#8221; admin_label=&#8221;Barra lateral&#8221; _builder_version=&#8221;4.16&#8243; background_layout=&#8221;dark&#8221; remove_border=&#8221;on&#8221; global_colors_info=&#8221;{}&#8221;][\/et_pb_sidebar][\/et_pb_column][et_pb_column type=&#8221;1_3&#8243; _builder_version=&#8221;4.16&#8243; custom_padding=&#8221;|||&#8221; global_colors_info=&#8221;{}&#8221; custom_padding__hover=&#8221;|||&#8221;][et_pb_sidebar area=&#8221;et_pb_widget_area_2&#8243; show_border=&#8221;off&#8221; admin_label=&#8221;Barra lateral&#8221; _builder_version=&#8221;4.16&#8243; background_layout=&#8221;dark&#8221; remove_border=&#8221;on&#8221; global_colors_info=&#8221;{}&#8221;][\/et_pb_sidebar][\/et_pb_column][\/et_pb_row][\/et_pb_section]<\/p>\n","protected":false},"excerpt":{"rendered":"<p>Una producci\u00f3 de Down Catalunya i Antoni Tolmos &nbsp; \u00a0 \u00a0 \u00a0 \u00a0 \u00a0\u00a0 El 2009 la Coordinadora S\u00edndrome de Down de Catalunya va posar en marxa el projecte musical Down Catalunya i es va constitu\u00efr l\u2019Orquestra MusicDown. El projecte ha suposat reunir en una mateixa orquestra un 50 % de persones amb discapacitats i [&hellip;]<\/p>\n","protected":false},"author":2,"featured_media":12930,"comment_status":"closed","ping_status":"closed","template":"","meta":{"_et_pb_use_builder":"on","_et_pb_old_content":"","_et_gb_content_width":"","footnotes":""},"project_category":[28],"project_tag":[],"class_list":["post-1739","project","type-project","status-publish","has-post-thumbnail","hentry","project_category-tolmusic-pro-en"],"yoast_head":"<!-- This site is optimized with the Yoast SEO plugin v27.5 - https:\/\/yoast.com\/product\/yoast-seo-wordpress\/ -->\n<title>DVD Endavant MusicDown (2011) - Antoni Tolmos - pianist, composer &amp; lecturer<\/title>\n<meta name=\"robots\" content=\"index, follow, max-snippet:-1, max-image-preview:large, max-video-preview:-1\" \/>\n<link rel=\"canonical\" href=\"https:\/\/antonitolmos.com\/en\/project\/dvd-endavant-musicdown\/\" \/>\n<meta property=\"og:locale\" content=\"en_US\" \/>\n<meta property=\"og:type\" content=\"article\" \/>\n<meta property=\"og:title\" content=\"DVD Endavant MusicDown (2011) - Antoni Tolmos - pianist, composer &amp; lecturer\" \/>\n<meta property=\"og:description\" content=\"Una producci\u00f3 de Down Catalunya i Antoni Tolmos &nbsp; \u00a0 \u00a0 \u00a0 \u00a0 \u00a0\u00a0 El 2009 la Coordinadora S\u00edndrome de Down de Catalunya va posar en marxa el projecte musical Down Catalunya i es va constitu\u00efr l\u2019Orquestra MusicDown. El projecte ha suposat reunir en una mateixa orquestra un 50 % de persones amb discapacitats i [&hellip;]\" \/>\n<meta property=\"og:url\" content=\"https:\/\/antonitolmos.com\/en\/project\/dvd-endavant-musicdown\/\" \/>\n<meta property=\"og:site_name\" content=\"Antoni Tolmos - pianist, composer &amp; lecturer\" \/>\n<meta property=\"article:modified_time\" content=\"2024-12-02T13:46:41+00:00\" \/>\n<meta property=\"og:image\" content=\"https:\/\/antonitolmos.com\/files\/DVD.jpg\" \/>\n\t<meta property=\"og:image:width\" content=\"248\" \/>\n\t<meta property=\"og:image:height\" content=\"357\" \/>\n\t<meta property=\"og:image:type\" content=\"image\/jpeg\" \/>\n<meta name=\"twitter:card\" content=\"summary_large_image\" \/>\n<meta name=\"twitter:label1\" content=\"Est. reading time\" \/>\n\t<meta name=\"twitter:data1\" content=\"5 minutes\" \/>\n<script type=\"application\/ld+json\" class=\"yoast-schema-graph\">{\"@context\":\"https:\\\/\\\/schema.org\",\"@graph\":[{\"@type\":\"WebPage\",\"@id\":\"https:\\\/\\\/antonitolmos.com\\\/en\\\/project\\\/dvd-endavant-musicdown\\\/\",\"url\":\"https:\\\/\\\/antonitolmos.com\\\/en\\\/project\\\/dvd-endavant-musicdown\\\/\",\"name\":\"DVD Endavant MusicDown (2011) - Antoni Tolmos - pianist, composer &amp; lecturer\",\"isPartOf\":{\"@id\":\"https:\\\/\\\/antonitolmos.com\\\/es\\\/#website\"},\"primaryImageOfPage\":{\"@id\":\"https:\\\/\\\/antonitolmos.com\\\/en\\\/project\\\/dvd-endavant-musicdown\\\/#primaryimage\"},\"image\":{\"@id\":\"https:\\\/\\\/antonitolmos.com\\\/en\\\/project\\\/dvd-endavant-musicdown\\\/#primaryimage\"},\"thumbnailUrl\":\"https:\\\/\\\/antonitolmos.com\\\/files\\\/DVD.jpg\",\"datePublished\":\"2011-09-20T08:42:53+00:00\",\"dateModified\":\"2024-12-02T13:46:41+00:00\",\"breadcrumb\":{\"@id\":\"https:\\\/\\\/antonitolmos.com\\\/en\\\/project\\\/dvd-endavant-musicdown\\\/#breadcrumb\"},\"inLanguage\":\"en-US\",\"potentialAction\":[{\"@type\":\"ReadAction\",\"target\":[\"https:\\\/\\\/antonitolmos.com\\\/en\\\/project\\\/dvd-endavant-musicdown\\\/\"]}]},{\"@type\":\"ImageObject\",\"inLanguage\":\"en-US\",\"@id\":\"https:\\\/\\\/antonitolmos.com\\\/en\\\/project\\\/dvd-endavant-musicdown\\\/#primaryimage\",\"url\":\"https:\\\/\\\/antonitolmos.com\\\/files\\\/DVD.jpg\",\"contentUrl\":\"https:\\\/\\\/antonitolmos.com\\\/files\\\/DVD.jpg\",\"width\":248,\"height\":357},{\"@type\":\"BreadcrumbList\",\"@id\":\"https:\\\/\\\/antonitolmos.com\\\/en\\\/project\\\/dvd-endavant-musicdown\\\/#breadcrumb\",\"itemListElement\":[{\"@type\":\"ListItem\",\"position\":1,\"name\":\"Inici\",\"item\":\"https:\\\/\\\/antonitolmos.com\\\/en\\\/\"},{\"@type\":\"ListItem\",\"position\":2,\"name\":\"Proyectos\",\"item\":\"https:\\\/\\\/antonitolmos.com\\\/es\\\/edicion\\\/\"},{\"@type\":\"ListItem\",\"position\":3,\"name\":\"DVD Endavant MusicDown (2011)\"}]},{\"@type\":\"WebSite\",\"@id\":\"https:\\\/\\\/antonitolmos.com\\\/es\\\/#website\",\"url\":\"https:\\\/\\\/antonitolmos.com\\\/es\\\/\",\"name\":\"Antoni Tolmos - pianist, composer &amp; lecturer\",\"description\":\"pianista &amp; compositor\",\"potentialAction\":[{\"@type\":\"SearchAction\",\"target\":{\"@type\":\"EntryPoint\",\"urlTemplate\":\"https:\\\/\\\/antonitolmos.com\\\/es\\\/?s={search_term_string}\"},\"query-input\":{\"@type\":\"PropertyValueSpecification\",\"valueRequired\":true,\"valueName\":\"search_term_string\"}}],\"inLanguage\":\"en-US\"}]}<\/script>\n<!-- \/ Yoast SEO plugin. -->","yoast_head_json":{"title":"DVD Endavant MusicDown (2011) - Antoni Tolmos - pianist, composer &amp; lecturer","robots":{"index":"index","follow":"follow","max-snippet":"max-snippet:-1","max-image-preview":"max-image-preview:large","max-video-preview":"max-video-preview:-1"},"canonical":"https:\/\/antonitolmos.com\/en\/project\/dvd-endavant-musicdown\/","og_locale":"en_US","og_type":"article","og_title":"DVD Endavant MusicDown (2011) - Antoni Tolmos - pianist, composer &amp; lecturer","og_description":"Una producci\u00f3 de Down Catalunya i Antoni Tolmos &nbsp; \u00a0 \u00a0 \u00a0 \u00a0 \u00a0\u00a0 El 2009 la Coordinadora S\u00edndrome de Down de Catalunya va posar en marxa el projecte musical Down Catalunya i es va constitu\u00efr l\u2019Orquestra MusicDown. El projecte ha suposat reunir en una mateixa orquestra un 50 % de persones amb discapacitats i [&hellip;]","og_url":"https:\/\/antonitolmos.com\/en\/project\/dvd-endavant-musicdown\/","og_site_name":"Antoni Tolmos - pianist, composer &amp; lecturer","article_modified_time":"2024-12-02T13:46:41+00:00","og_image":[{"width":248,"height":357,"url":"https:\/\/antonitolmos.com\/files\/DVD.jpg","type":"image\/jpeg"}],"twitter_card":"summary_large_image","twitter_misc":{"Est. reading time":"5 minutes"},"schema":{"@context":"https:\/\/schema.org","@graph":[{"@type":"WebPage","@id":"https:\/\/antonitolmos.com\/en\/project\/dvd-endavant-musicdown\/","url":"https:\/\/antonitolmos.com\/en\/project\/dvd-endavant-musicdown\/","name":"DVD Endavant MusicDown (2011) - Antoni Tolmos - pianist, composer &amp; lecturer","isPartOf":{"@id":"https:\/\/antonitolmos.com\/es\/#website"},"primaryImageOfPage":{"@id":"https:\/\/antonitolmos.com\/en\/project\/dvd-endavant-musicdown\/#primaryimage"},"image":{"@id":"https:\/\/antonitolmos.com\/en\/project\/dvd-endavant-musicdown\/#primaryimage"},"thumbnailUrl":"https:\/\/antonitolmos.com\/files\/DVD.jpg","datePublished":"2011-09-20T08:42:53+00:00","dateModified":"2024-12-02T13:46:41+00:00","breadcrumb":{"@id":"https:\/\/antonitolmos.com\/en\/project\/dvd-endavant-musicdown\/#breadcrumb"},"inLanguage":"en-US","potentialAction":[{"@type":"ReadAction","target":["https:\/\/antonitolmos.com\/en\/project\/dvd-endavant-musicdown\/"]}]},{"@type":"ImageObject","inLanguage":"en-US","@id":"https:\/\/antonitolmos.com\/en\/project\/dvd-endavant-musicdown\/#primaryimage","url":"https:\/\/antonitolmos.com\/files\/DVD.jpg","contentUrl":"https:\/\/antonitolmos.com\/files\/DVD.jpg","width":248,"height":357},{"@type":"BreadcrumbList","@id":"https:\/\/antonitolmos.com\/en\/project\/dvd-endavant-musicdown\/#breadcrumb","itemListElement":[{"@type":"ListItem","position":1,"name":"Inici","item":"https:\/\/antonitolmos.com\/en\/"},{"@type":"ListItem","position":2,"name":"Proyectos","item":"https:\/\/antonitolmos.com\/es\/edicion\/"},{"@type":"ListItem","position":3,"name":"DVD Endavant MusicDown (2011)"}]},{"@type":"WebSite","@id":"https:\/\/antonitolmos.com\/es\/#website","url":"https:\/\/antonitolmos.com\/es\/","name":"Antoni Tolmos - pianist, composer &amp; lecturer","description":"pianista &amp; compositor","potentialAction":[{"@type":"SearchAction","target":{"@type":"EntryPoint","urlTemplate":"https:\/\/antonitolmos.com\/es\/?s={search_term_string}"},"query-input":{"@type":"PropertyValueSpecification","valueRequired":true,"valueName":"search_term_string"}}],"inLanguage":"en-US"}]}},"_links":{"self":[{"href":"https:\/\/antonitolmos.com\/en\/wp-json\/wp\/v2\/project\/1739","targetHints":{"allow":["GET"]}}],"collection":[{"href":"https:\/\/antonitolmos.com\/en\/wp-json\/wp\/v2\/project"}],"about":[{"href":"https:\/\/antonitolmos.com\/en\/wp-json\/wp\/v2\/types\/project"}],"author":[{"embeddable":true,"href":"https:\/\/antonitolmos.com\/en\/wp-json\/wp\/v2\/users\/2"}],"replies":[{"embeddable":true,"href":"https:\/\/antonitolmos.com\/en\/wp-json\/wp\/v2\/comments?post=1739"}],"version-history":[{"count":5,"href":"https:\/\/antonitolmos.com\/en\/wp-json\/wp\/v2\/project\/1739\/revisions"}],"predecessor-version":[{"id":14799,"href":"https:\/\/antonitolmos.com\/en\/wp-json\/wp\/v2\/project\/1739\/revisions\/14799"}],"wp:featuredmedia":[{"embeddable":true,"href":"https:\/\/antonitolmos.com\/en\/wp-json\/wp\/v2\/media\/12930"}],"wp:attachment":[{"href":"https:\/\/antonitolmos.com\/en\/wp-json\/wp\/v2\/media?parent=1739"}],"wp:term":[{"taxonomy":"project_category","embeddable":true,"href":"https:\/\/antonitolmos.com\/en\/wp-json\/wp\/v2\/project_category?post=1739"},{"taxonomy":"project_tag","embeddable":true,"href":"https:\/\/antonitolmos.com\/en\/wp-json\/wp\/v2\/project_tag?post=1739"}],"curies":[{"name":"wp","href":"https:\/\/api.w.org\/{rel}","templated":true}]}}