{"id":1704,"date":"2015-03-21T22:31:39","date_gmt":"2015-03-21T21:31:39","guid":{"rendered":"http:\/\/antonitolmos.com\/en\/project\/converses-down-com-sona-la-teva-vida\/"},"modified":"2020-03-19T11:00:49","modified_gmt":"2020-03-19T09:00:49","slug":"converses-down-com-sona-la-teva-vida","status":"publish","type":"project","link":"https:\/\/antonitolmos.com\/en\/project\/converses-down-com-sona-la-teva-vida\/","title":{"rendered":"Converses Down. \u00bfCom sona la teva vida? (2015)"},"content":{"rendered":"<p>[et_pb_section fb_built=&#8221;1&#8243; fullwidth=&#8221;on&#8221; custom_padding_last_edited=&#8221;on|desktop&#8221; admin_label=&#8221;section&#8221; module_class=&#8221;toptituloheader&#8221; _builder_version=&#8221;3.22&#8243; custom_padding=&#8221;0||0|&#8221; custom_padding_tablet=&#8221;50px|0|50px|0&#8243; transparent_background=&#8221;off&#8221; padding_mobile=&#8221;off&#8221; make_fullwidth=&#8221;off&#8221; use_custom_width=&#8221;off&#8221; width_unit=&#8221;on&#8221;][et_pb_fullwidth_header title=&#8221;Converses Down. \u00bfCom sona la teva vida?&#8221; subhead=&#8221;2015&#8243; content_max_width=&#8221;none&#8221; admin_label=&#8221;T\u00edtulo de anchura completa&#8221; _builder_version=&#8221;3.16&#8243; background_color=&#8221;rgba(255, 255, 255, 0)&#8221; background_layout=&#8221;light&#8221; button_one_letter_spacing_hover=&#8221;0&#8243; button_two_letter_spacing_hover=&#8221;0&#8243; button_one_text_size__hover_enabled=&#8221;off&#8221; button_two_text_size__hover_enabled=&#8221;off&#8221; button_one_text_color__hover_enabled=&#8221;off&#8221; button_two_text_color__hover_enabled=&#8221;off&#8221; button_one_border_width__hover_enabled=&#8221;off&#8221; button_two_border_width__hover_enabled=&#8221;off&#8221; button_one_border_color__hover_enabled=&#8221;off&#8221; button_two_border_color__hover_enabled=&#8221;off&#8221; button_one_border_radius__hover_enabled=&#8221;off&#8221; button_two_border_radius__hover_enabled=&#8221;off&#8221; button_one_letter_spacing__hover_enabled=&#8221;on&#8221; button_one_letter_spacing__hover=&#8221;0&#8243; button_two_letter_spacing__hover_enabled=&#8221;on&#8221; button_two_letter_spacing__hover=&#8221;0&#8243; button_one_bg_color__hover_enabled=&#8221;off&#8221; button_two_bg_color__hover_enabled=&#8221;off&#8221;] [\/et_pb_fullwidth_header][\/et_pb_section][et_pb_section fb_built=&#8221;1&#8243; custom_padding_last_edited=&#8221;on|desktop&#8221; admin_label=&#8221;section&#8221; _builder_version=&#8221;3.22&#8243; custom_padding=&#8221;0|||&#8221; custom_padding_tablet=&#8221;50px|0|50px|0&#8243; transparent_background=&#8221;off&#8221; padding_mobile=&#8221;off&#8221; make_fullwidth=&#8221;off&#8221; use_custom_width=&#8221;off&#8221; width_unit=&#8221;on&#8221;][et_pb_row padding_mobile=&#8221;off&#8221; admin_label=&#8221;row&#8221; _builder_version=&#8221;3.25&#8243; background_size=&#8221;initial&#8221; background_position=&#8221;top_left&#8221; background_repeat=&#8221;repeat&#8221; custom_padding=&#8221;0|50&#8243; make_fullwidth=&#8221;off&#8221; use_custom_width=&#8221;off&#8221; width_unit=&#8221;on&#8221; column_structure=&#8221;1_2,1_2&#8243;][et_pb_column type=&#8221;1_2&#8243; _builder_version=&#8221;3.25&#8243; custom_padding=&#8221;|||&#8221; custom_padding__hover=&#8221;|||&#8221;][et_pb_image src=&#8221;https:\/\/antonitolmos.com\/files\/Foto-Momentos-Down.jpg&#8221; align_tablet=&#8221;center&#8221; align_last_edited=&#8221;on|desktop&#8221; admin_label=&#8221;Imagen&#8221; _builder_version=&#8221;3.23&#8243; animation_style=&#8221;slide&#8221; animation_direction=&#8221;left&#8221; animation_duration=&#8221;500ms&#8221; animation_intensity_slide=&#8221;10%&#8221; animation=&#8221;left&#8221; sticky=&#8221;off&#8221; use_border_color=&#8221;off&#8221; border_color=&#8221;#ffffff&#8221; border_style=&#8221;solid&#8221; always_center_on_mobile=&#8221;on&#8221;] [\/et_pb_image][\/et_pb_column][et_pb_column type=&#8221;1_2&#8243; _builder_version=&#8221;3.25&#8243; custom_padding=&#8221;|||&#8221; custom_padding__hover=&#8221;|||&#8221;][et_pb_code admin_label=&#8221;C\u00f3digo&#8221;]<iframe loading=\"lazy\" width=\"560\" height=\"315\" src=\"https:\/\/www.youtube.com\/embed\/VhXMJ-gNht8\" frameborder=\"0\" allowfullscreen><\/iframe>[\/et_pb_code][\/et_pb_column][\/et_pb_row][et_pb_row admin_label=&#8221;Fila&#8221; _builder_version=&#8221;3.25&#8243; background_size=&#8221;initial&#8221; background_position=&#8221;top_left&#8221; background_repeat=&#8221;repeat&#8221;][et_pb_column type=&#8221;4_4&#8243; _builder_version=&#8221;3.25&#8243; custom_padding=&#8221;|||&#8221; custom_padding__hover=&#8221;|||&#8221;][et_pb_text admin_label=&#8221;Texto&#8221; _builder_version=&#8221;4.4.1&#8243; background_size=&#8221;initial&#8221; background_position=&#8221;top_left&#8221; background_repeat=&#8221;repeat&#8221; hover_enabled=&#8221;0&#8243; use_border_color=&#8221;off&#8221; border_color=&#8221;#ffffff&#8221; border_style=&#8221;solid&#8221;]<\/p>\n<p>Que la m\u00fasica est\u00e0 present en totes la vides i en totes les cultures \u00e9s alguna cosa tan cert com a imprescindible alhora. Per\u00f2 saber com sona la nostra exist\u00e8ncia pot ser una aventura realment fascinant.<\/p>\n<p>Com afirma <strong>Rolando Benenz\u00f3n<\/strong>, a prop\u00f2sit de la Identitat Sonora (ISO), som energia sonora en estat pur. Hem escoltat sons ja en el ventre matern, en les nostres primeres hores vida, en la nostra inf\u00e0ncia i en totes les etapes vitals. Tota aquesta biblioteca de sons albergada en el nostre apassionant cervell ser\u00e0 la informaci\u00f3 que es mantindr\u00e0 amb el pas dels anys i resistir\u00e0 fins i tot a malalties degeneratives com l&#8217;Alzheimer que esborraran el coneixement del nostre propi nom per\u00f2 ens donar\u00e0 un \u00e0pex de record per reaccionar quan escoltem la que va anar la can\u00e7\u00f3 de la nostra vida.<\/p>\n<p>La m\u00fasica ens recrea l&#8217;espai invisible per poder mirar als ulls de qui ens parla i ens permet escoltar activament per comprendre i no necess\u00e0riament per respondre. En aquest projecte, avalat per Down Catalunya, hem mostrat la uni\u00f3 meravellosa entre la m\u00fasica i la paraula, entre el so i el silenci, entre l&#8217;emoci\u00f3 i el privilegi d&#8217;escoltar.<\/p>\n<p>Per\u00f2 sobretot, l&#8217;oportunitat de ser escoltat. Els joves amb S\u00edndrome de Down s\u00f3n joves plens de por, com nosaltres. S\u00f3n joves plens de somnis, com nosaltres. S\u00f3n joves amb alguna discapacitat, qui no?. Tenen immenses capacitats que els permeten viure sovint independitzats, tocar instruments musicals, tenir dedicaci\u00f3 laboral o practicar qualsevol esport.<\/p>\n<p>I s\u00ed, s\u00f3n especials, com tu. Mostren obertament les seves ganes de viure. Miren i escolten atentament, ens transmeten energia, sensibilitat i ens carreguen de bones raons per seguir batallant cada dia. I, \u00e0dhuc amb les seves preocupacions, s\u00f3n valents per afirmar amb un somriure que s\u00ed, s\u00f3n feli\u00e7os.<\/p>\n<p>Gr\u00e0cies a Sandy, Mari Paz, Erika, Vanesa i Tere per donar-nos aquesta oportunitat de saber com sona la seva vida.<\/p>\n<p>[\/et_pb_text][\/et_pb_column][\/et_pb_row][et_pb_row column_structure=&#8221;1_2,1_2&#8243; _builder_version=&#8221;4.4.1&#8243; locked=&#8221;off&#8221;][et_pb_column type=&#8221;1_2&#8243; _builder_version=&#8221;4.4.1&#8243;][et_pb_text admin_label=&#8221;Text&#8221; _builder_version=&#8221;4.4.1&#8243;]<\/p>\n<p><iframe loading=\"lazy\" title=\"Converses Down. Antoni Tolmos &amp; Erika Pallar\u00e8s\" width=\"1080\" height=\"608\" src=\"https:\/\/www.youtube.com\/embed\/huv6agslQiY?feature=oembed\" frameborder=\"0\" allow=\"accelerometer; autoplay; encrypted-media; gyroscope; picture-in-picture\" allowfullscreen><\/iframe><\/p>\n<p>[\/et_pb_text][et_pb_text admin_label=&#8221;Text&#8221; _builder_version=&#8221;4.4.1&#8243;]<\/p>\n<p><iframe loading=\"lazy\" title=\"Converses Down. Antoni Tolmos &amp; Sandy Jord\u00e0\" width=\"1080\" height=\"608\" src=\"https:\/\/www.youtube.com\/embed\/CkMfGfI2oaI?feature=oembed\" frameborder=\"0\" allow=\"accelerometer; autoplay; encrypted-media; gyroscope; picture-in-picture\" allowfullscreen><\/iframe><\/p>\n<p>[\/et_pb_text][et_pb_text admin_label=&#8221;Texto&#8221; _builder_version=&#8221;4.4.1&#8243; background_size=&#8221;initial&#8221; background_position=&#8221;top_left&#8221; background_repeat=&#8221;repeat&#8221; hover_enabled=&#8221;0&#8243; use_border_color=&#8221;off&#8221; border_color=&#8221;#ffffff&#8221; border_style=&#8221;solid&#8221;]<\/p>\n<p><strong>Antoni Tolmos\u00a0 \u00a0<\/strong>Pianista, compositor, Doctor en Filosof\u00eda i\u00a0Coach Professional Certificat.<\/p>\n<p>\u00c9s un projecte d&#8217;<strong>Antoni Tolmos<\/strong> i <strong>Down Catalunya<\/strong><\/p>\n<p><img decoding=\"async\" class=\"alignnone wp-image-658 size-medium\" src=\"https:\/\/antonitolmos.com\/files\/tolmusicPro--300x34.jpg\" alt=\"Tolmusic Pro\" width=\"300\" height=\"34\" srcset=\"https:\/\/antonitolmos.com\/files\/tolmusicPro--300x34.jpg 300w, https:\/\/antonitolmos.com\/files\/tolmusicPro--1024x117.jpg 1024w, https:\/\/antonitolmos.com\/files\/tolmusicPro--1080x123.jpg 1080w\" sizes=\"(max-width: 300px) 100vw, 300px\" \/>\u00a0 \u00a0 \u00a0<img decoding=\"async\" class=\"alignnone wp-image-1243\" src=\"https:\/\/antonitolmos.com\/files\/Logo-Down-Catalunya1-300x94.jpg\" alt=\"Logo-Down-Catalunya\" width=\"160\" height=\"50\" srcset=\"https:\/\/antonitolmos.com\/files\/Logo-Down-Catalunya1-300x94.jpg 300w, https:\/\/antonitolmos.com\/files\/Logo-Down-Catalunya1-1024x322.jpg 1024w, https:\/\/antonitolmos.com\/files\/Logo-Down-Catalunya1-1080x339.jpg 1080w, https:\/\/antonitolmos.com\/files\/Logo-Down-Catalunya1.jpg 1378w\" sizes=\"(max-width: 160px) 100vw, 160px\" \/><\/p>\n<p>[\/et_pb_text][\/et_pb_column][et_pb_column type=&#8221;1_2&#8243; _builder_version=&#8221;4.4.1&#8243;][et_pb_text _builder_version=&#8221;4.4.1&#8243;]<\/p>\n<p><iframe loading=\"lazy\" title=\"Converses Down. Antoni Tolmos &amp; Tere Farr\u00e9\" width=\"1080\" height=\"608\" src=\"https:\/\/www.youtube.com\/embed\/GBz9Ct4wFnM?feature=oembed\" frameborder=\"0\" allow=\"accelerometer; autoplay; encrypted-media; gyroscope; picture-in-picture\" allowfullscreen><\/iframe><\/p>\n<p>[\/et_pb_text][et_pb_text _builder_version=&#8221;4.4.1&#8243;]<\/p>\n<p><iframe loading=\"lazy\" title=\"Converses Down. Antoni Tolmos &amp; Mari Paz Valero\" width=\"1080\" height=\"608\" src=\"https:\/\/www.youtube.com\/embed\/_ib4nuBS6r8?feature=oembed\" frameborder=\"0\" allow=\"accelerometer; autoplay; encrypted-media; gyroscope; picture-in-picture\" allowfullscreen><\/iframe><\/p>\n<p>[\/et_pb_text][\/et_pb_column][\/et_pb_row][\/et_pb_section][et_pb_section fb_built=&#8221;1&#8243; custom_padding_last_edited=&#8221;on|desktop&#8221; admin_label=&#8221;section&#8221; _builder_version=&#8221;3.22&#8243; background_color=&#8221;#424242&#8243; custom_padding=&#8221;|||&#8221; custom_padding_tablet=&#8221;50px|0|50px|0&#8243; transparent_background=&#8221;off&#8221; padding_mobile=&#8221;off&#8221; make_fullwidth=&#8221;off&#8221; use_custom_width=&#8221;off&#8221; width_unit=&#8221;on&#8221;][et_pb_row padding_mobile=&#8221;on&#8221; admin_label=&#8221;row&#8221; _builder_version=&#8221;3.25&#8243; background_size=&#8221;initial&#8221; background_position=&#8221;top_left&#8221; background_repeat=&#8221;repeat&#8221; width=&#8221;100%&#8221; max_width=&#8221;100%&#8221; custom_padding=&#8221;0|0&#8243; make_fullwidth=&#8221;on&#8221; use_custom_width=&#8221;on&#8221; width_unit=&#8221;off&#8221; custom_width_percent=&#8221;100%&#8221; column_structure=&#8221;1_3,1_3,1_3&#8243;][et_pb_column type=&#8221;1_3&#8243; _builder_version=&#8221;3.25&#8243; custom_padding=&#8221;|||&#8221; custom_padding__hover=&#8221;|||&#8221;][et_pb_sidebar area=&#8221;et_pb_widget_area_3&#8243; show_border=&#8221;off&#8221; admin_label=&#8221;Barra lateral&#8221; _builder_version=&#8221;3.0.74&#8243; background_layout=&#8221;dark&#8221; remove_border=&#8221;on&#8221;] [\/et_pb_sidebar][\/et_pb_column][et_pb_column type=&#8221;1_3&#8243; _builder_version=&#8221;3.25&#8243; custom_padding=&#8221;|||&#8221; custom_padding__hover=&#8221;|||&#8221;][et_pb_sidebar area=&#8221;et_pb_widget_area_4&#8243; show_border=&#8221;off&#8221; admin_label=&#8221;Barra lateral&#8221; _builder_version=&#8221;3.0.74&#8243; background_layout=&#8221;dark&#8221; remove_border=&#8221;on&#8221;] [\/et_pb_sidebar][\/et_pb_column][et_pb_column type=&#8221;1_3&#8243; _builder_version=&#8221;3.25&#8243; custom_padding=&#8221;|||&#8221; custom_padding__hover=&#8221;|||&#8221;][et_pb_sidebar area=&#8221;et_pb_widget_area_2&#8243; show_border=&#8221;off&#8221; admin_label=&#8221;Barra lateral&#8221; _builder_version=&#8221;3.0.74&#8243; background_layout=&#8221;dark&#8221; remove_border=&#8221;on&#8221;] [\/et_pb_sidebar][\/et_pb_column][\/et_pb_row][\/et_pb_section]<\/p>\n","protected":false},"excerpt":{"rendered":"<p>Que la m\u00fasica est\u00e0 present en totes la vides i en totes les cultures \u00e9s alguna cosa tan cert com a imprescindible alhora. Per\u00f2 saber com sona la nostra exist\u00e8ncia pot ser una aventura realment fascinant. Com afirma Rolando Benenz\u00f3n, a prop\u00f2sit de la Identitat Sonora (ISO), som energia sonora en estat pur. Hem escoltat [&hellip;]<\/p>\n","protected":false},"author":2,"featured_media":1274,"comment_status":"closed","ping_status":"closed","template":"","meta":{"_et_pb_use_builder":"on","_et_pb_old_content":"<p>Que la m\u00fasica est\u00e1 presente en todas la vidas y en todas las culturas es algo tan cierto como imprescindible a la vez. Pero saber c\u00f3mo suena nuestra existencia puede ser una aventura realmente fascinante.<\/p><div class=\"et_social_media_wrapper wp-image-10 alignleft\"><p><a href=\"https:\/\/antonitolmos.com\/blog\/wp-content\/uploads\/2015\/03\/Foto-Momentos-Down.png\"><img class=\" wp-image-10 alignleft\" src=\"https:\/\/antonitolmos.com\/blog\/wp-content\/uploads\/2015\/03\/Foto-Momentos-Down-300x170.png\" alt=\"Foto Momentos Down\" width=\"414\" height=\"235\" \/><\/a><\/p><div class=\"et_social_media et_social_media_hidden et_social_mobile_on\">\u00a0<\/div><\/div><p>\u00a0<\/p><p>Como afirma Rolando Benenz\u00f3n, a prop\u00f3sito de la Identidad Sonora (ISO), somos energ\u00eda sonora en estado puro. Hemos escuchado sonidos ya en el vientre materno, en nuestras primeras horas vida, en nuestra infancia y en todas las etapas vitales. Toda esta biblioteca de sonidos albergada en nuestro apasionante cerebro ser\u00e1 la informaci\u00f3n que se mantendr\u00e1 con el paso de los a\u00f1os y resistir\u00e1 incluso a enfermedades degenerativas como el Alzheimer que borrar\u00e1n el conocimiento de nuestro propio nombre pero nos dar\u00e1 un \u00e1pice de recuerdo para reaccionar cuando escuchemos la que fue la canci\u00f3n de nuestra vida.<\/p><p>\u00a0<\/p><p>\u00a0<\/p><p>La m\u00fasica nos recrea el espacio invisible para poder mirar a los ojos de quien nos habla y nos permite escuchar activamente para comprender y no necesariamente para responder. En este proyecto, avalado por Down Catalunya, hemos mostrado la uni\u00f3n maravillosa entre la m\u00fasica y la palabra, entre el sonido y el silencio, entre la emoci\u00f3n y el privilegio de escuchar. Pero sobre todo, la oportunidad de ser escuchado.<\/p><p>https:\/\/youtu.be\/VhXMJ-gNht8<\/p><p>Los j\u00f3venes con S\u00edndrome de Down son j\u00f3venes llenos de miedo, como nosotros. Son j\u00f3venes llenos de sue\u00f1os, como nosotros. Son j\u00f3venes con alguna discapacidad, \u00bfqui\u00e9n no?. Tienen inmensas capacidades que les permiten vivir a menudo independizados, tocar instrumentos musicales, tener dedicaci\u00f3n laboral o practicar cualquier deporte.<\/p><p>Y s\u00ed, son especiales, como t\u00fa. Muestran abiertamente sus ganas de vivir. Miran y escuchan atentamente, nos transmiten energ\u00eda, sensibilidad y nos cargan de buenas razones para seguir batallando cada d\u00eda. Y, aun con sus preocupaciones, son valientes para afirmar con una sonrisa que s\u00ed, son felices.<\/p><p>Gracias a Sandy, Mari Paz, Erika, Vanesa y Tere por darnos esta oportunidad de saber c\u00f3mo suena su vida.<\/p><p>Otros videos del proyecto:\u00a0<a title=\"ver\" href=\"https:\/\/www.youtube.com\/watch?v=GBz9Ct4wFnM&index=2&list=PL58AWO0j56K1ZX-bx1njBAFECo2c7Ew3E\" target=\"_blank\">lista de reproducci\u00f3n<\/a><\/p><p><strong>Antoni Tolmos<\/strong><\/p><p>Pianista, compositor, Doctor en Filosof\u00eda y\u00a0Coach Profesional Certificado.<\/p><p><a title=\"+ Antoni Ttolmos\" href=\"http:\/\/www.antonitolmos.com\/espanol\/1menu\/menu.html\" target=\"_blank\">http:\/\/www.antonitolmos.com<\/a><\/p>","_et_gb_content_width":"","footnotes":""},"project_category":[28],"project_tag":[],"class_list":["post-1704","project","type-project","status-publish","has-post-thumbnail","hentry","project_category-tolmusic-pro-en"],"yoast_head":"<!-- This site is optimized with the Yoast SEO plugin v27.5 - https:\/\/yoast.com\/product\/yoast-seo-wordpress\/ -->\n<title>Converses Down. \u00bfCom sona la teva vida? (2015) - Antoni Tolmos - pianist, composer &amp; lecturer<\/title>\n<meta name=\"robots\" content=\"index, follow, max-snippet:-1, max-image-preview:large, max-video-preview:-1\" \/>\n<link rel=\"canonical\" href=\"https:\/\/antonitolmos.com\/en\/project\/converses-down-com-sona-la-teva-vida\/\" \/>\n<meta property=\"og:locale\" content=\"en_US\" \/>\n<meta property=\"og:type\" content=\"article\" \/>\n<meta property=\"og:title\" content=\"Converses Down. \u00bfCom sona la teva vida? (2015) - Antoni Tolmos - pianist, composer &amp; lecturer\" \/>\n<meta property=\"og:description\" content=\"Que la m\u00fasica est\u00e0 present en totes la vides i en totes les cultures \u00e9s alguna cosa tan cert com a imprescindible alhora. Per\u00f2 saber com sona la nostra exist\u00e8ncia pot ser una aventura realment fascinant. Com afirma Rolando Benenz\u00f3n, a prop\u00f2sit de la Identitat Sonora (ISO), som energia sonora en estat pur. Hem escoltat [&hellip;]\" \/>\n<meta property=\"og:url\" content=\"https:\/\/antonitolmos.com\/en\/project\/converses-down-com-sona-la-teva-vida\/\" \/>\n<meta property=\"og:site_name\" content=\"Antoni Tolmos - pianist, composer &amp; lecturer\" \/>\n<meta property=\"article:modified_time\" content=\"2020-03-19T09:00:49+00:00\" \/>\n<meta property=\"og:image\" content=\"https:\/\/antonitolmos.com\/files\/Foto-Momentos-Down.jpg\" \/>\n\t<meta property=\"og:image:width\" content=\"1000\" \/>\n\t<meta property=\"og:image:height\" content=\"567\" \/>\n\t<meta property=\"og:image:type\" content=\"image\/jpeg\" \/>\n<meta name=\"twitter:card\" content=\"summary_large_image\" \/>\n<meta name=\"twitter:label1\" content=\"Est. reading time\" \/>\n\t<meta name=\"twitter:data1\" content=\"6 minutes\" \/>\n<script type=\"application\/ld+json\" class=\"yoast-schema-graph\">{\"@context\":\"https:\\\/\\\/schema.org\",\"@graph\":[{\"@type\":\"WebPage\",\"@id\":\"https:\\\/\\\/antonitolmos.com\\\/en\\\/project\\\/converses-down-com-sona-la-teva-vida\\\/\",\"url\":\"https:\\\/\\\/antonitolmos.com\\\/en\\\/project\\\/converses-down-com-sona-la-teva-vida\\\/\",\"name\":\"Converses Down. \u00bfCom sona la teva vida? (2015) - Antoni Tolmos - pianist, composer &amp; lecturer\",\"isPartOf\":{\"@id\":\"https:\\\/\\\/antonitolmos.com\\\/es\\\/#website\"},\"primaryImageOfPage\":{\"@id\":\"https:\\\/\\\/antonitolmos.com\\\/en\\\/project\\\/converses-down-com-sona-la-teva-vida\\\/#primaryimage\"},\"image\":{\"@id\":\"https:\\\/\\\/antonitolmos.com\\\/en\\\/project\\\/converses-down-com-sona-la-teva-vida\\\/#primaryimage\"},\"thumbnailUrl\":\"https:\\\/\\\/antonitolmos.com\\\/files\\\/Foto-Momentos-Down.jpg\",\"datePublished\":\"2015-03-21T21:31:39+00:00\",\"dateModified\":\"2020-03-19T09:00:49+00:00\",\"breadcrumb\":{\"@id\":\"https:\\\/\\\/antonitolmos.com\\\/en\\\/project\\\/converses-down-com-sona-la-teva-vida\\\/#breadcrumb\"},\"inLanguage\":\"en-US\",\"potentialAction\":[{\"@type\":\"ReadAction\",\"target\":[\"https:\\\/\\\/antonitolmos.com\\\/en\\\/project\\\/converses-down-com-sona-la-teva-vida\\\/\"]}]},{\"@type\":\"ImageObject\",\"inLanguage\":\"en-US\",\"@id\":\"https:\\\/\\\/antonitolmos.com\\\/en\\\/project\\\/converses-down-com-sona-la-teva-vida\\\/#primaryimage\",\"url\":\"https:\\\/\\\/antonitolmos.com\\\/files\\\/Foto-Momentos-Down.jpg\",\"contentUrl\":\"https:\\\/\\\/antonitolmos.com\\\/files\\\/Foto-Momentos-Down.jpg\",\"width\":1000,\"height\":567,\"caption\":\"Foto-Momentos-Down-Antoni-Tolmos\"},{\"@type\":\"BreadcrumbList\",\"@id\":\"https:\\\/\\\/antonitolmos.com\\\/en\\\/project\\\/converses-down-com-sona-la-teva-vida\\\/#breadcrumb\",\"itemListElement\":[{\"@type\":\"ListItem\",\"position\":1,\"name\":\"Inici\",\"item\":\"https:\\\/\\\/antonitolmos.com\\\/en\\\/\"},{\"@type\":\"ListItem\",\"position\":2,\"name\":\"Proyectos\",\"item\":\"https:\\\/\\\/antonitolmos.com\\\/es\\\/edicion\\\/\"},{\"@type\":\"ListItem\",\"position\":3,\"name\":\"Converses Down. \u00bfCom sona la teva vida? (2015)\"}]},{\"@type\":\"WebSite\",\"@id\":\"https:\\\/\\\/antonitolmos.com\\\/es\\\/#website\",\"url\":\"https:\\\/\\\/antonitolmos.com\\\/es\\\/\",\"name\":\"Antoni Tolmos - pianist, composer &amp; lecturer\",\"description\":\"pianista &amp; compositor\",\"potentialAction\":[{\"@type\":\"SearchAction\",\"target\":{\"@type\":\"EntryPoint\",\"urlTemplate\":\"https:\\\/\\\/antonitolmos.com\\\/es\\\/?s={search_term_string}\"},\"query-input\":{\"@type\":\"PropertyValueSpecification\",\"valueRequired\":true,\"valueName\":\"search_term_string\"}}],\"inLanguage\":\"en-US\"}]}<\/script>\n<!-- \/ Yoast SEO plugin. -->","yoast_head_json":{"title":"Converses Down. \u00bfCom sona la teva vida? (2015) - Antoni Tolmos - pianist, composer &amp; lecturer","robots":{"index":"index","follow":"follow","max-snippet":"max-snippet:-1","max-image-preview":"max-image-preview:large","max-video-preview":"max-video-preview:-1"},"canonical":"https:\/\/antonitolmos.com\/en\/project\/converses-down-com-sona-la-teva-vida\/","og_locale":"en_US","og_type":"article","og_title":"Converses Down. \u00bfCom sona la teva vida? (2015) - Antoni Tolmos - pianist, composer &amp; lecturer","og_description":"Que la m\u00fasica est\u00e0 present en totes la vides i en totes les cultures \u00e9s alguna cosa tan cert com a imprescindible alhora. Per\u00f2 saber com sona la nostra exist\u00e8ncia pot ser una aventura realment fascinant. Com afirma Rolando Benenz\u00f3n, a prop\u00f2sit de la Identitat Sonora (ISO), som energia sonora en estat pur. Hem escoltat [&hellip;]","og_url":"https:\/\/antonitolmos.com\/en\/project\/converses-down-com-sona-la-teva-vida\/","og_site_name":"Antoni Tolmos - pianist, composer &amp; lecturer","article_modified_time":"2020-03-19T09:00:49+00:00","og_image":[{"width":1000,"height":567,"url":"https:\/\/antonitolmos.com\/files\/Foto-Momentos-Down.jpg","type":"image\/jpeg"}],"twitter_card":"summary_large_image","twitter_misc":{"Est. reading time":"6 minutes"},"schema":{"@context":"https:\/\/schema.org","@graph":[{"@type":"WebPage","@id":"https:\/\/antonitolmos.com\/en\/project\/converses-down-com-sona-la-teva-vida\/","url":"https:\/\/antonitolmos.com\/en\/project\/converses-down-com-sona-la-teva-vida\/","name":"Converses Down. \u00bfCom sona la teva vida? (2015) - Antoni Tolmos - pianist, composer &amp; lecturer","isPartOf":{"@id":"https:\/\/antonitolmos.com\/es\/#website"},"primaryImageOfPage":{"@id":"https:\/\/antonitolmos.com\/en\/project\/converses-down-com-sona-la-teva-vida\/#primaryimage"},"image":{"@id":"https:\/\/antonitolmos.com\/en\/project\/converses-down-com-sona-la-teva-vida\/#primaryimage"},"thumbnailUrl":"https:\/\/antonitolmos.com\/files\/Foto-Momentos-Down.jpg","datePublished":"2015-03-21T21:31:39+00:00","dateModified":"2020-03-19T09:00:49+00:00","breadcrumb":{"@id":"https:\/\/antonitolmos.com\/en\/project\/converses-down-com-sona-la-teva-vida\/#breadcrumb"},"inLanguage":"en-US","potentialAction":[{"@type":"ReadAction","target":["https:\/\/antonitolmos.com\/en\/project\/converses-down-com-sona-la-teva-vida\/"]}]},{"@type":"ImageObject","inLanguage":"en-US","@id":"https:\/\/antonitolmos.com\/en\/project\/converses-down-com-sona-la-teva-vida\/#primaryimage","url":"https:\/\/antonitolmos.com\/files\/Foto-Momentos-Down.jpg","contentUrl":"https:\/\/antonitolmos.com\/files\/Foto-Momentos-Down.jpg","width":1000,"height":567,"caption":"Foto-Momentos-Down-Antoni-Tolmos"},{"@type":"BreadcrumbList","@id":"https:\/\/antonitolmos.com\/en\/project\/converses-down-com-sona-la-teva-vida\/#breadcrumb","itemListElement":[{"@type":"ListItem","position":1,"name":"Inici","item":"https:\/\/antonitolmos.com\/en\/"},{"@type":"ListItem","position":2,"name":"Proyectos","item":"https:\/\/antonitolmos.com\/es\/edicion\/"},{"@type":"ListItem","position":3,"name":"Converses Down. \u00bfCom sona la teva vida? (2015)"}]},{"@type":"WebSite","@id":"https:\/\/antonitolmos.com\/es\/#website","url":"https:\/\/antonitolmos.com\/es\/","name":"Antoni Tolmos - pianist, composer &amp; lecturer","description":"pianista &amp; compositor","potentialAction":[{"@type":"SearchAction","target":{"@type":"EntryPoint","urlTemplate":"https:\/\/antonitolmos.com\/es\/?s={search_term_string}"},"query-input":{"@type":"PropertyValueSpecification","valueRequired":true,"valueName":"search_term_string"}}],"inLanguage":"en-US"}]}},"_links":{"self":[{"href":"https:\/\/antonitolmos.com\/en\/wp-json\/wp\/v2\/project\/1704","targetHints":{"allow":["GET"]}}],"collection":[{"href":"https:\/\/antonitolmos.com\/en\/wp-json\/wp\/v2\/project"}],"about":[{"href":"https:\/\/antonitolmos.com\/en\/wp-json\/wp\/v2\/types\/project"}],"author":[{"embeddable":true,"href":"https:\/\/antonitolmos.com\/en\/wp-json\/wp\/v2\/users\/2"}],"replies":[{"embeddable":true,"href":"https:\/\/antonitolmos.com\/en\/wp-json\/wp\/v2\/comments?post=1704"}],"version-history":[{"count":1,"href":"https:\/\/antonitolmos.com\/en\/wp-json\/wp\/v2\/project\/1704\/revisions"}],"predecessor-version":[{"id":4810,"href":"https:\/\/antonitolmos.com\/en\/wp-json\/wp\/v2\/project\/1704\/revisions\/4810"}],"wp:featuredmedia":[{"embeddable":true,"href":"https:\/\/antonitolmos.com\/en\/wp-json\/wp\/v2\/media\/1274"}],"wp:attachment":[{"href":"https:\/\/antonitolmos.com\/en\/wp-json\/wp\/v2\/media?parent=1704"}],"wp:term":[{"taxonomy":"project_category","embeddable":true,"href":"https:\/\/antonitolmos.com\/en\/wp-json\/wp\/v2\/project_category?post=1704"},{"taxonomy":"project_tag","embeddable":true,"href":"https:\/\/antonitolmos.com\/en\/wp-json\/wp\/v2\/project_tag?post=1704"}],"curies":[{"name":"wp","href":"https:\/\/api.w.org\/{rel}","templated":true}]}}