{"id":4389,"date":"2019-11-27T20:12:50","date_gmt":"2019-11-27T18:12:50","guid":{"rendered":"https:\/\/antonitolmos.com\/?post_type=project&#038;p=4389"},"modified":"2024-11-13T23:27:02","modified_gmt":"2024-11-13T22:27:02","slug":"cd-boleros-i-cancons-damor","status":"publish","type":"project","link":"https:\/\/antonitolmos.com\/ca\/edicio\/cd-boleros-i-cancons-damor\/","title":{"rendered":"CD Boleros i can\u00e7ons d&#8217;amor"},"content":{"rendered":"<p>[et_pb_section fb_built=&#8221;1&#8243; _builder_version=&#8221;4.16&#8243; locked=&#8221;off&#8221; global_colors_info=&#8221;{}&#8221;][et_pb_row _builder_version=&#8221;4.16&#8243; collapsed=&#8221;off&#8221; global_colors_info=&#8221;{}&#8221;][et_pb_column type=&#8221;4_4&#8243; _builder_version=&#8221;4.16&#8243; global_colors_info=&#8221;{}&#8221;][et_pb_text admin_label=&#8221;Text&#8221; _builder_version=&#8221;4.27.2&#8243; global_colors_info=&#8221;{}&#8221;]<\/p>\n<h1><strong>Boleros i can\u00e7ons d&#8217;amor<\/strong> \u2013 Antoni Tolmos, piano<\/h1>\n<p>[\/et_pb_text][\/et_pb_column][\/et_pb_row][et_pb_row column_structure=&#8221;3_5,2_5&#8243; _builder_version=&#8221;4.16&#8243; collapsed=&#8221;off&#8221; global_colors_info=&#8221;{}&#8221;][et_pb_column type=&#8221;3_5&#8243; _builder_version=&#8221;4.16&#8243; global_colors_info=&#8221;{}&#8221;][et_pb_image src=&#8221;https:\/\/antonitolmos.com\/files\/foto-copia.png&#8221; title_text=&#8221;Foto copia&#8221; _builder_version=&#8221;4.27.2&#8243; _module_preset=&#8221;default&#8221; global_colors_info=&#8221;{}&#8221;][\/et_pb_image][\/et_pb_column][et_pb_column type=&#8221;2_5&#8243; _builder_version=&#8221;4.16&#8243; global_colors_info=&#8221;{}&#8221;][et_pb_text admin_label=&#8221;Text&#8221; _builder_version=&#8221;4.27.2&#8243; global_colors_info=&#8221;{}&#8221;]<\/p>\n<h1><strong>CONCERT-CONFER\u00c8NCIA<\/strong><\/h1>\n<h1>Amb els grans <strong>boleros<\/strong> i les\u00a0 apassionants <strong>hist\u00f2ries<\/strong> que amaguen les seves lletres i les entranyables an\u00e8cdotes dels seus <strong>compositors<\/strong>.<\/h1>\n<h1 style=\"text-align: left;\">Un<strong> espectacular <\/strong>concert<strong>\u00a0a piano solo <\/strong>amb les <strong>melodies<\/strong> que han marcat la <strong>hist\u00f2ria <\/strong>del segle XX com <strong>\u201cContigo aprend\u00ed&#8221;<\/strong>, <strong>\u201cDos gardenias\u201d<\/strong>, <strong>\u201cAngelitos negros\u201d<\/strong> o <strong>\u201cEsta tarde vi llover\u201d.<\/strong><\/h1>\n<h1>Un directe que desperta <strong>emocions<\/strong> i que es converteix en una experi\u00e8ncia <strong>inoblidable<\/strong> per al <strong>p\u00fablic<\/strong> assistent.<\/h1>\n<p>[\/et_pb_text][\/et_pb_column][\/et_pb_row][et_pb_row column_structure=&#8221;1_3,1_3,1_3&#8243; _builder_version=&#8221;4.16&#8243; _module_preset=&#8221;default&#8221; locked=&#8221;off&#8221; global_colors_info=&#8221;{}&#8221;][et_pb_column type=&#8221;1_3&#8243; _builder_version=&#8221;4.16&#8243; _module_preset=&#8221;default&#8221; global_colors_info=&#8221;{}&#8221;][et_pb_code _builder_version=&#8221;4.16&#8243; _module_preset=&#8221;default&#8221; global_colors_info=&#8221;{}&#8221;]<iframe loading=\"lazy\" width=\"560\" height=\"315\" src=\"https:\/\/www.youtube.com\/embed\/RQgbqcjcCxg\" title=\"YouTube video player\" frameborder=\"0\" allow=\"accelerometer; autoplay; clipboard-write; encrypted-media; gyroscope; picture-in-picture\" allowfullscreen><\/iframe>[\/et_pb_code][\/et_pb_column][et_pb_column type=&#8221;1_3&#8243; _builder_version=&#8221;4.16&#8243; _module_preset=&#8221;default&#8221; global_colors_info=&#8221;{}&#8221;][et_pb_code _builder_version=&#8221;4.16&#8243; _module_preset=&#8221;default&#8221; global_colors_info=&#8221;{}&#8221;]<iframe loading=\"lazy\" width=\"560\" height=\"315\" src=\"https:\/\/www.youtube.com\/embed\/Rfqd5Ft28GA\" title=\"YouTube video player\" frameborder=\"0\" allow=\"accelerometer; autoplay; clipboard-write; encrypted-media; gyroscope; picture-in-picture\" allowfullscreen><\/iframe>[\/et_pb_code][\/et_pb_column][et_pb_column type=&#8221;1_3&#8243; _builder_version=&#8221;4.16&#8243; _module_preset=&#8221;default&#8221; global_colors_info=&#8221;{}&#8221;][et_pb_code _builder_version=&#8221;4.16&#8243; _module_preset=&#8221;default&#8221; global_colors_info=&#8221;{}&#8221;]<iframe loading=\"lazy\" width=\"560\" height=\"315\" src=\"https:\/\/www.youtube.com\/embed\/Xsw5hq9aIGI\" title=\"YouTube video player\" frameborder=\"0\" allow=\"accelerometer; autoplay; clipboard-write; encrypted-media; gyroscope; picture-in-picture\" allowfullscreen><\/iframe>[\/et_pb_code][\/et_pb_column][\/et_pb_row][et_pb_row column_structure=&#8221;1_3,1_3,1_3&#8243; _builder_version=&#8221;4.16&#8243; collapsed=&#8221;off&#8221; global_colors_info=&#8221;{}&#8221;][et_pb_column type=&#8221;1_3&#8243; _builder_version=&#8221;4.16&#8243; global_colors_info=&#8221;{}&#8221;][et_pb_image src=&#8221;https:\/\/antonitolmos.com\/files\/Tolmos-J.Maria-DdelVal-325a-copia.jpg&#8221; title_text=&#8221;Tolmos-J.Maria-DdelVal-325a copia&#8221; _builder_version=&#8221;4.27.2&#8243; global_colors_info=&#8221;{}&#8221;][\/et_pb_image][\/et_pb_column][et_pb_column type=&#8221;1_3&#8243; _builder_version=&#8221;4.16&#8243; global_colors_info=&#8221;{}&#8221;][et_pb_text admin_label=&#8221;Text&#8221; _builder_version=&#8221;4.27.2&#8243; hover_enabled=&#8221;0&#8243; global_colors_info=&#8221;{}&#8221; sticky_enabled=&#8221;0&#8243;]<\/p>\n<h2><strong>Antoni Tolmos<\/strong>, pianista i comunicador <strong>internacional<\/strong> en m\u00e9s de 15 pa\u00efsos. \u00c9s <strong>Doctor<\/strong> en Educaci\u00f3 Musical, professor en dues <strong>universitats<\/strong> i autor de <strong>15 treballs<\/strong> discogr\u00e0fics.<\/h2>\n<h2>Ha escrit <strong>3 llibres<\/strong> sobre comunicaci\u00f3 i rendiment esc\u00e8nic.<\/h2>\n<p>[\/et_pb_text][et_pb_text admin_label=&#8221;Text&#8221; _builder_version=&#8221;4.27.2&#8243; global_colors_info=&#8221;{}&#8221;]<\/p>\n<h4><strong>CONTRACTACI\u00d3 CATALUNYA i ANDORRA<\/strong><\/h4>\n<h3><span style=\"color: #3366ff;\">hola@harmonic.es\u00a0 <span style=\"color: #333333;\">tel. 628 73 88 22<\/span><\/span><\/h3>\n<h5>(Concert incl\u00f2s en el cat\u00e0leg del programa.cat de la Generalitat amb ajuts de fins al 30%)<\/h5>\n<p>[\/et_pb_text][\/et_pb_column][et_pb_column type=&#8221;1_3&#8243; _builder_version=&#8221;4.16&#8243; global_colors_info=&#8221;{}&#8221;][et_pb_code _builder_version=&#8221;4.16&#8243; global_colors_info=&#8221;{}&#8221;]<iframe loading=\"lazy\" src=\"https:\/\/open.spotify.com\/embed\/album\/04aJMermGcoNkRIe2Cgq29\" width=\"300\" height=\"380\" frameborder=\"0\" allowtransparency=\"true\" allow=\"encrypted-media\"><\/iframe>[\/et_pb_code][\/et_pb_column][\/et_pb_row][\/et_pb_section]<\/p>\n","protected":false},"excerpt":{"rendered":"<p>Boleros i can\u00e7ons d&#8217;amor \u2013 Antoni Tolmos, pianoCONCERT-CONFER\u00c8NCIA Amb els grans boleros i les\u00a0 apassionants hist\u00f2ries que amaguen les seves lletres i les entranyables an\u00e8cdotes dels seus compositors. Un espectacular concert\u00a0a piano solo amb les melodies que han marcat la hist\u00f2ria del segle XX com \u201cContigo aprend\u00ed&#8221;, \u201cDos gardenias\u201d, \u201cAngelitos negros\u201d o \u201cEsta tarde vi [&hellip;]<\/p>\n","protected":false},"author":2,"featured_media":4352,"comment_status":"closed","ping_status":"closed","template":"page-template-blank.php","meta":{"_et_pb_use_builder":"on","_et_pb_old_content":"<p><img class=\"alignnone wp-image-4352\" src=\"https:\/\/antonitolmos.com\/files\/boleros-TOLMOS.jpg\" alt=\"\" width=\"317\" height=\"336\" \/><\/p>","_et_gb_content_width":"","footnotes":""},"project_category":[14],"project_tag":[],"class_list":["post-4389","project","type-project","status-publish","has-post-thumbnail","hentry","project_category-cds"],"yoast_head":"<!-- This site is optimized with the Yoast SEO plugin v27.5 - https:\/\/yoast.com\/product\/yoast-seo-wordpress\/ -->\n<title>CD Boleros i can\u00e7ons d&#039;amor - Antoni Tolmos - pianist, composer &amp; lecturer<\/title>\n<meta name=\"robots\" content=\"index, follow, max-snippet:-1, max-image-preview:large, max-video-preview:-1\" \/>\n<link rel=\"canonical\" href=\"https:\/\/antonitolmos.com\/edicio\/cd-boleros-i-cancons-damor\/\" \/>\n<meta property=\"og:locale\" content=\"ca_ES\" \/>\n<meta property=\"og:type\" content=\"article\" \/>\n<meta property=\"og:title\" content=\"CD Boleros i can\u00e7ons d&#039;amor - Antoni Tolmos - pianist, composer &amp; lecturer\" \/>\n<meta property=\"og:description\" content=\"Boleros i can\u00e7ons d&#039;amor \u2013 Antoni Tolmos, pianoCONCERT-CONFER\u00c8NCIA Amb els grans boleros i les\u00a0 apassionants hist\u00f2ries que amaguen les seves lletres i les entranyables an\u00e8cdotes dels seus compositors. Un espectacular concert\u00a0a piano solo amb les melodies que han marcat la hist\u00f2ria del segle XX com \u201cContigo aprend\u00ed&quot;, \u201cDos gardenias\u201d, \u201cAngelitos negros\u201d o \u201cEsta tarde vi [&hellip;]\" \/>\n<meta property=\"og:url\" content=\"https:\/\/antonitolmos.com\/edicio\/cd-boleros-i-cancons-damor\/\" \/>\n<meta property=\"og:site_name\" content=\"Antoni Tolmos - pianist, composer &amp; lecturer\" \/>\n<meta property=\"article:modified_time\" content=\"2024-11-13T22:27:02+00:00\" \/>\n<meta property=\"og:image\" content=\"https:\/\/antonitolmos.com\/files\/boleros-TOLMOS-913x1024.jpg\" \/>\n\t<meta property=\"og:image:width\" content=\"913\" \/>\n\t<meta property=\"og:image:height\" content=\"1024\" \/>\n\t<meta property=\"og:image:type\" content=\"image\/jpeg\" \/>\n<meta name=\"twitter:card\" content=\"summary_large_image\" \/>\n<meta name=\"twitter:label1\" content=\"Temps estimat de lectura\" \/>\n\t<meta name=\"twitter:data1\" content=\"2 minuts\" \/>\n<script type=\"application\/ld+json\" class=\"yoast-schema-graph\">{\"@context\":\"https:\\\/\\\/schema.org\",\"@graph\":[{\"@type\":\"WebPage\",\"@id\":\"https:\\\/\\\/antonitolmos.com\\\/edicio\\\/cd-boleros-i-cancons-damor\\\/\",\"url\":\"https:\\\/\\\/antonitolmos.com\\\/edicio\\\/cd-boleros-i-cancons-damor\\\/\",\"name\":\"CD Boleros i can\u00e7ons d'amor - Antoni Tolmos - pianist, composer &amp; lecturer\",\"isPartOf\":{\"@id\":\"https:\\\/\\\/antonitolmos.com\\\/es\\\/#website\"},\"primaryImageOfPage\":{\"@id\":\"https:\\\/\\\/antonitolmos.com\\\/edicio\\\/cd-boleros-i-cancons-damor\\\/#primaryimage\"},\"image\":{\"@id\":\"https:\\\/\\\/antonitolmos.com\\\/edicio\\\/cd-boleros-i-cancons-damor\\\/#primaryimage\"},\"thumbnailUrl\":\"https:\\\/\\\/antonitolmos.com\\\/files\\\/boleros-TOLMOS.jpg\",\"datePublished\":\"2019-11-27T18:12:50+00:00\",\"dateModified\":\"2024-11-13T22:27:02+00:00\",\"breadcrumb\":{\"@id\":\"https:\\\/\\\/antonitolmos.com\\\/edicio\\\/cd-boleros-i-cancons-damor\\\/#breadcrumb\"},\"inLanguage\":\"ca\",\"potentialAction\":[{\"@type\":\"ReadAction\",\"target\":[\"https:\\\/\\\/antonitolmos.com\\\/edicio\\\/cd-boleros-i-cancons-damor\\\/\"]}]},{\"@type\":\"ImageObject\",\"inLanguage\":\"ca\",\"@id\":\"https:\\\/\\\/antonitolmos.com\\\/edicio\\\/cd-boleros-i-cancons-damor\\\/#primaryimage\",\"url\":\"https:\\\/\\\/antonitolmos.com\\\/files\\\/boleros-TOLMOS.jpg\",\"contentUrl\":\"https:\\\/\\\/antonitolmos.com\\\/files\\\/boleros-TOLMOS.jpg\",\"width\":3252,\"height\":3647},{\"@type\":\"BreadcrumbList\",\"@id\":\"https:\\\/\\\/antonitolmos.com\\\/edicio\\\/cd-boleros-i-cancons-damor\\\/#breadcrumb\",\"itemListElement\":[{\"@type\":\"ListItem\",\"position\":1,\"name\":\"Inici\",\"item\":\"https:\\\/\\\/antonitolmos.com\\\/ca\\\/\"},{\"@type\":\"ListItem\",\"position\":2,\"name\":\"Proyectos\",\"item\":\"https:\\\/\\\/antonitolmos.com\\\/es\\\/edicion\\\/\"},{\"@type\":\"ListItem\",\"position\":3,\"name\":\"CD Boleros i can\u00e7ons d&#8217;amor\"}]},{\"@type\":\"WebSite\",\"@id\":\"https:\\\/\\\/antonitolmos.com\\\/es\\\/#website\",\"url\":\"https:\\\/\\\/antonitolmos.com\\\/es\\\/\",\"name\":\"Antoni Tolmos - pianist, composer &amp; lecturer\",\"description\":\"pianista &amp; coach art\u00edstic\",\"potentialAction\":[{\"@type\":\"SearchAction\",\"target\":{\"@type\":\"EntryPoint\",\"urlTemplate\":\"https:\\\/\\\/antonitolmos.com\\\/es\\\/?s={search_term_string}\"},\"query-input\":{\"@type\":\"PropertyValueSpecification\",\"valueRequired\":true,\"valueName\":\"search_term_string\"}}],\"inLanguage\":\"ca\"}]}<\/script>\n<!-- \/ Yoast SEO plugin. -->","yoast_head_json":{"title":"CD Boleros i can\u00e7ons d'amor - Antoni Tolmos - pianist, composer &amp; lecturer","robots":{"index":"index","follow":"follow","max-snippet":"max-snippet:-1","max-image-preview":"max-image-preview:large","max-video-preview":"max-video-preview:-1"},"canonical":"https:\/\/antonitolmos.com\/edicio\/cd-boleros-i-cancons-damor\/","og_locale":"ca_ES","og_type":"article","og_title":"CD Boleros i can\u00e7ons d'amor - Antoni Tolmos - pianist, composer &amp; lecturer","og_description":"Boleros i can\u00e7ons d'amor \u2013 Antoni Tolmos, pianoCONCERT-CONFER\u00c8NCIA Amb els grans boleros i les\u00a0 apassionants hist\u00f2ries que amaguen les seves lletres i les entranyables an\u00e8cdotes dels seus compositors. Un espectacular concert\u00a0a piano solo amb les melodies que han marcat la hist\u00f2ria del segle XX com \u201cContigo aprend\u00ed\", \u201cDos gardenias\u201d, \u201cAngelitos negros\u201d o \u201cEsta tarde vi [&hellip;]","og_url":"https:\/\/antonitolmos.com\/edicio\/cd-boleros-i-cancons-damor\/","og_site_name":"Antoni Tolmos - pianist, composer &amp; lecturer","article_modified_time":"2024-11-13T22:27:02+00:00","og_image":[{"width":913,"height":1024,"url":"https:\/\/antonitolmos.com\/files\/boleros-TOLMOS-913x1024.jpg","type":"image\/jpeg"}],"twitter_card":"summary_large_image","twitter_misc":{"Temps estimat de lectura":"2 minuts"},"schema":{"@context":"https:\/\/schema.org","@graph":[{"@type":"WebPage","@id":"https:\/\/antonitolmos.com\/edicio\/cd-boleros-i-cancons-damor\/","url":"https:\/\/antonitolmos.com\/edicio\/cd-boleros-i-cancons-damor\/","name":"CD Boleros i can\u00e7ons d'amor - Antoni Tolmos - pianist, composer &amp; lecturer","isPartOf":{"@id":"https:\/\/antonitolmos.com\/es\/#website"},"primaryImageOfPage":{"@id":"https:\/\/antonitolmos.com\/edicio\/cd-boleros-i-cancons-damor\/#primaryimage"},"image":{"@id":"https:\/\/antonitolmos.com\/edicio\/cd-boleros-i-cancons-damor\/#primaryimage"},"thumbnailUrl":"https:\/\/antonitolmos.com\/files\/boleros-TOLMOS.jpg","datePublished":"2019-11-27T18:12:50+00:00","dateModified":"2024-11-13T22:27:02+00:00","breadcrumb":{"@id":"https:\/\/antonitolmos.com\/edicio\/cd-boleros-i-cancons-damor\/#breadcrumb"},"inLanguage":"ca","potentialAction":[{"@type":"ReadAction","target":["https:\/\/antonitolmos.com\/edicio\/cd-boleros-i-cancons-damor\/"]}]},{"@type":"ImageObject","inLanguage":"ca","@id":"https:\/\/antonitolmos.com\/edicio\/cd-boleros-i-cancons-damor\/#primaryimage","url":"https:\/\/antonitolmos.com\/files\/boleros-TOLMOS.jpg","contentUrl":"https:\/\/antonitolmos.com\/files\/boleros-TOLMOS.jpg","width":3252,"height":3647},{"@type":"BreadcrumbList","@id":"https:\/\/antonitolmos.com\/edicio\/cd-boleros-i-cancons-damor\/#breadcrumb","itemListElement":[{"@type":"ListItem","position":1,"name":"Inici","item":"https:\/\/antonitolmos.com\/ca\/"},{"@type":"ListItem","position":2,"name":"Proyectos","item":"https:\/\/antonitolmos.com\/es\/edicion\/"},{"@type":"ListItem","position":3,"name":"CD Boleros i can\u00e7ons d&#8217;amor"}]},{"@type":"WebSite","@id":"https:\/\/antonitolmos.com\/es\/#website","url":"https:\/\/antonitolmos.com\/es\/","name":"Antoni Tolmos - pianist, composer &amp; lecturer","description":"pianista &amp; coach art\u00edstic","potentialAction":[{"@type":"SearchAction","target":{"@type":"EntryPoint","urlTemplate":"https:\/\/antonitolmos.com\/es\/?s={search_term_string}"},"query-input":{"@type":"PropertyValueSpecification","valueRequired":true,"valueName":"search_term_string"}}],"inLanguage":"ca"}]}},"_links":{"self":[{"href":"https:\/\/antonitolmos.com\/ca\/wp-json\/wp\/v2\/project\/4389","targetHints":{"allow":["GET"]}}],"collection":[{"href":"https:\/\/antonitolmos.com\/ca\/wp-json\/wp\/v2\/project"}],"about":[{"href":"https:\/\/antonitolmos.com\/ca\/wp-json\/wp\/v2\/types\/project"}],"author":[{"embeddable":true,"href":"https:\/\/antonitolmos.com\/ca\/wp-json\/wp\/v2\/users\/2"}],"replies":[{"embeddable":true,"href":"https:\/\/antonitolmos.com\/ca\/wp-json\/wp\/v2\/comments?post=4389"}],"version-history":[{"count":74,"href":"https:\/\/antonitolmos.com\/ca\/wp-json\/wp\/v2\/project\/4389\/revisions"}],"predecessor-version":[{"id":14650,"href":"https:\/\/antonitolmos.com\/ca\/wp-json\/wp\/v2\/project\/4389\/revisions\/14650"}],"wp:featuredmedia":[{"embeddable":true,"href":"https:\/\/antonitolmos.com\/ca\/wp-json\/wp\/v2\/media\/4352"}],"wp:attachment":[{"href":"https:\/\/antonitolmos.com\/ca\/wp-json\/wp\/v2\/media?parent=4389"}],"wp:term":[{"taxonomy":"project_category","embeddable":true,"href":"https:\/\/antonitolmos.com\/ca\/wp-json\/wp\/v2\/project_category?post=4389"},{"taxonomy":"project_tag","embeddable":true,"href":"https:\/\/antonitolmos.com\/ca\/wp-json\/wp\/v2\/project_tag?post=4389"}],"curies":[{"name":"wp","href":"https:\/\/api.w.org\/{rel}","templated":true}]}}