{"id":16326,"date":"2025-09-10T21:19:11","date_gmt":"2025-09-10T19:19:11","guid":{"rendered":"https:\/\/antonitolmos.com\/project\/colors\/"},"modified":"2025-09-14T14:46:04","modified_gmt":"2025-09-14T12:46:04","slug":"colors","status":"publish","type":"project","link":"https:\/\/antonitolmos.com\/ca\/edicio\/colors\/","title":{"rendered":"COLORS. Paisatges de Lleida (2025)"},"content":{"rendered":"<p>[et_pb_section fb_built=&#8221;1&#8243; _builder_version=&#8221;4.27.4&#8243; _module_preset=&#8221;default&#8221; global_colors_info=&#8221;{}&#8221;][et_pb_row _builder_version=&#8221;4.27.4&#8243; _module_preset=&#8221;default&#8221; global_colors_info=&#8221;{}&#8221;][et_pb_column type=&#8221;4_4&#8243; _builder_version=&#8221;4.27.4&#8243; _module_preset=&#8221;default&#8221; global_colors_info=&#8221;{}&#8221;][et_pb_text _builder_version=&#8221;4.27.4&#8243; _module_preset=&#8221;default&#8221; hover_enabled=&#8221;0&#8243; global_colors_info=&#8221;{}&#8221; sticky_enabled=&#8221;0&#8243;]<\/p>\n<h2>COLORS. Paisatges de Lleida. Un film de Josep Culler\u00e9 amb m\u00fasica d&#8217;Antoni Tolmos (2025)<\/h2>\n<p>[\/et_pb_text][\/et_pb_column][\/et_pb_row][et_pb_row column_structure=&#8221;2_5,3_5&#8243; _builder_version=&#8221;4.27.4&#8243; _module_preset=&#8221;default&#8221; global_colors_info=&#8221;{}&#8221;][et_pb_column type=&#8221;2_5&#8243; _builder_version=&#8221;4.27.4&#8243; _module_preset=&#8221;default&#8221; global_colors_info=&#8221;{}&#8221;][et_pb_image src=&#8221;https:\/\/antonitolmos.com\/files\/colors-portada-web.png&#8221; title_text=&#8221;COLORS portada web&#8221; _builder_version=&#8221;4.27.4&#8243; _module_preset=&#8221;default&#8221; global_colors_info=&#8221;{}&#8221;][\/et_pb_image][et_pb_code _builder_version=&#8221;4.27.4&#8243; _module_preset=&#8221;default&#8221; global_colors_info=&#8221;{}&#8221;]<iframe data-testid=\"embed-iframe\" style=\"border-radius:12px\" src=\"https:\/\/open.spotify.com\/embed\/album\/6dJMnCUGKtxb0mjgR5KPX6?utm_source=generator\" width=\"100%\" height=\"352\" frameBorder=\"0\" allowfullscreen=\"\" allow=\"autoplay; clipboard-write; encrypted-media; fullscreen; picture-in-picture\" loading=\"lazy\"><\/iframe>[\/et_pb_code][\/et_pb_column][et_pb_column type=&#8221;3_5&#8243; _builder_version=&#8221;4.27.4&#8243; _module_preset=&#8221;default&#8221; global_colors_info=&#8221;{}&#8221;][et_pb_text _builder_version=&#8221;4.27.4&#8243; _module_preset=&#8221;default&#8221; global_colors_info=&#8221;{}&#8221;]<\/p>\n<p><iframe loading=\"lazy\" title=\"COLORS. Paisatges de Lleida. TRAILER\" width=\"1080\" height=\"608\" src=\"https:\/\/www.youtube.com\/embed\/xQ0W2VCXndQ?feature=oembed\"  allow=\"accelerometer; autoplay; clipboard-write; encrypted-media; gyroscope; picture-in-picture; web-share\" referrerpolicy=\"strict-origin-when-cross-origin\" allowfullscreen><\/iframe><\/p>\n<p>[\/et_pb_text][et_pb_text _builder_version=&#8221;4.27.4&#8243; _module_preset=&#8221;default&#8221; global_colors_info=&#8221;{}&#8221;]<\/p>\n<h3>Un llargmetratge amb imatges (reals) captades amb la t\u00e8cnica del time lapse durant deu anys i milers d\u00b4hores d\u00b4exposici\u00f3. Una genialitat del cineasta Josep\u00a0Culler\u00e9\u00a0@colors_lleida\u00a0a qui li agraeixo aquesta meravellosa oportunitat.<\/h3>\n<h3>En aquest moment ja pots escoltar tota aquesta m\u00fasica a les plataformes digitals. I en molt poques setmanes s&#8217;estrenar\u00e0 la pel\u00b7l\u00edcula completa a Festivals de Cine per tenir una experi\u00e8ncia immersiva del que suposa estar envoltat de la insuperable bellesa del Pireneu Lleidatada.<\/h3>\n<h3>Menci\u00f3 especial, tamb\u00e9, per a qui ha aconseguit un espl\u00e8ndid so 5.1 que et fa sentir com una part m\u00e9s d&#8217;aquest incre\u00efble univers. Mil gr\u00e0cies Josep Maria Bossa.@josepmariabossa\u00a0@bossarecords<br \/>\u00c0lbum ja disponible a les plataformes digitals.<\/h3>\n<h3>COLORS.Paisatges\u00a0de Lleida.<br \/>Antoni Tolmos &amp; Josep Culler\u00e9<\/h3>\n<p>[\/et_pb_text][\/et_pb_column][\/et_pb_row][\/et_pb_section]<\/p>\n","protected":false},"excerpt":{"rendered":"<p>COLORS. Paisatges de Lleida. Un film de Josep Culler\u00e9 amb m\u00fasica d&#8217;Antoni Tolmos (2025)https:\/\/youtu.be\/xQ0W2VCXndQ?si=nul_W9QGodWSTaEpUn llargmetratge amb imatges (reals) captades amb la t\u00e8cnica del time lapse durant deu anys i milers d\u00b4hores d\u00b4exposici\u00f3. Una genialitat del cineasta Josep\u00a0Culler\u00e9\u00a0@colors_lleida\u00a0a qui li agraeixo aquesta meravellosa oportunitat. En aquest moment ja pots escoltar tota aquesta m\u00fasica a les plataformes [&hellip;]<\/p>\n","protected":false},"author":2,"featured_media":16311,"comment_status":"closed","ping_status":"closed","template":"","meta":{"_et_pb_use_builder":"on","_et_pb_old_content":"","_et_gb_content_width":"","footnotes":""},"project_category":[14,18],"project_tag":[],"class_list":["post-16326","project","type-project","status-publish","has-post-thumbnail","hentry","project_category-cds","project_category-tolmusic-pro"],"yoast_head":"<!-- This site is optimized with the Yoast SEO plugin v27.5 - https:\/\/yoast.com\/product\/yoast-seo-wordpress\/ -->\n<title>COLORS. Paisatges de Lleida (2025) - Antoni Tolmos - pianist, composer &amp; lecturer<\/title>\n<meta name=\"robots\" content=\"index, follow, max-snippet:-1, max-image-preview:large, max-video-preview:-1\" \/>\n<link rel=\"canonical\" href=\"https:\/\/antonitolmos.com\/edicio\/colors\/\" \/>\n<meta property=\"og:locale\" content=\"ca_ES\" \/>\n<meta property=\"og:type\" content=\"article\" \/>\n<meta property=\"og:title\" content=\"COLORS. Paisatges de Lleida (2025) - Antoni Tolmos - pianist, composer &amp; lecturer\" \/>\n<meta property=\"og:description\" content=\"COLORS. Paisatges de Lleida. Un film de Josep Culler\u00e9 amb m\u00fasica d&#039;Antoni Tolmos (2025)https:\/\/youtu.be\/xQ0W2VCXndQ?si=nul_W9QGodWSTaEpUn llargmetratge amb imatges (reals) captades amb la t\u00e8cnica del time lapse durant deu anys i milers d\u00b4hores d\u00b4exposici\u00f3. Una genialitat del cineasta Josep\u00a0Culler\u00e9\u00a0@colors_lleida\u00a0a qui li agraeixo aquesta meravellosa oportunitat. En aquest moment ja pots escoltar tota aquesta m\u00fasica a les plataformes [&hellip;]\" \/>\n<meta property=\"og:url\" content=\"https:\/\/antonitolmos.com\/edicio\/colors\/\" \/>\n<meta property=\"og:site_name\" content=\"Antoni Tolmos - pianist, composer &amp; lecturer\" \/>\n<meta property=\"article:modified_time\" content=\"2025-09-14T12:46:04+00:00\" \/>\n<meta property=\"og:image\" content=\"https:\/\/antonitolmos.com\/files\/colors-portada-web.png\" \/>\n\t<meta property=\"og:image:width\" content=\"700\" \/>\n\t<meta property=\"og:image:height\" content=\"704\" \/>\n\t<meta property=\"og:image:type\" content=\"image\/png\" \/>\n<meta name=\"twitter:card\" content=\"summary_large_image\" \/>\n<meta name=\"twitter:label1\" content=\"Temps estimat de lectura\" \/>\n\t<meta name=\"twitter:data1\" content=\"2 minuts\" \/>\n<script type=\"application\/ld+json\" class=\"yoast-schema-graph\">{\"@context\":\"https:\\\/\\\/schema.org\",\"@graph\":[{\"@type\":\"WebPage\",\"@id\":\"https:\\\/\\\/antonitolmos.com\\\/edicio\\\/colors\\\/\",\"url\":\"https:\\\/\\\/antonitolmos.com\\\/edicio\\\/colors\\\/\",\"name\":\"COLORS. Paisatges de Lleida (2025) - Antoni Tolmos - pianist, composer &amp; lecturer\",\"isPartOf\":{\"@id\":\"https:\\\/\\\/antonitolmos.com\\\/es\\\/#website\"},\"primaryImageOfPage\":{\"@id\":\"https:\\\/\\\/antonitolmos.com\\\/edicio\\\/colors\\\/#primaryimage\"},\"image\":{\"@id\":\"https:\\\/\\\/antonitolmos.com\\\/edicio\\\/colors\\\/#primaryimage\"},\"thumbnailUrl\":\"https:\\\/\\\/antonitolmos.com\\\/files\\\/colors-portada-web.png\",\"datePublished\":\"2025-09-10T19:19:11+00:00\",\"dateModified\":\"2025-09-14T12:46:04+00:00\",\"breadcrumb\":{\"@id\":\"https:\\\/\\\/antonitolmos.com\\\/edicio\\\/colors\\\/#breadcrumb\"},\"inLanguage\":\"ca\",\"potentialAction\":[{\"@type\":\"ReadAction\",\"target\":[\"https:\\\/\\\/antonitolmos.com\\\/edicio\\\/colors\\\/\"]}]},{\"@type\":\"ImageObject\",\"inLanguage\":\"ca\",\"@id\":\"https:\\\/\\\/antonitolmos.com\\\/edicio\\\/colors\\\/#primaryimage\",\"url\":\"https:\\\/\\\/antonitolmos.com\\\/files\\\/colors-portada-web.png\",\"contentUrl\":\"https:\\\/\\\/antonitolmos.com\\\/files\\\/colors-portada-web.png\",\"width\":700,\"height\":704},{\"@type\":\"BreadcrumbList\",\"@id\":\"https:\\\/\\\/antonitolmos.com\\\/edicio\\\/colors\\\/#breadcrumb\",\"itemListElement\":[{\"@type\":\"ListItem\",\"position\":1,\"name\":\"Inici\",\"item\":\"https:\\\/\\\/antonitolmos.com\\\/ca\\\/\"},{\"@type\":\"ListItem\",\"position\":2,\"name\":\"Proyectos\",\"item\":\"https:\\\/\\\/antonitolmos.com\\\/es\\\/edicion\\\/\"},{\"@type\":\"ListItem\",\"position\":3,\"name\":\"COLORS. Paisatges de Lleida (2025)\"}]},{\"@type\":\"WebSite\",\"@id\":\"https:\\\/\\\/antonitolmos.com\\\/es\\\/#website\",\"url\":\"https:\\\/\\\/antonitolmos.com\\\/es\\\/\",\"name\":\"Antoni Tolmos - pianist, composer &amp; lecturer\",\"description\":\"pianista &amp; coach art\u00edstic\",\"potentialAction\":[{\"@type\":\"SearchAction\",\"target\":{\"@type\":\"EntryPoint\",\"urlTemplate\":\"https:\\\/\\\/antonitolmos.com\\\/es\\\/?s={search_term_string}\"},\"query-input\":{\"@type\":\"PropertyValueSpecification\",\"valueRequired\":true,\"valueName\":\"search_term_string\"}}],\"inLanguage\":\"ca\"}]}<\/script>\n<!-- \/ Yoast SEO plugin. -->","yoast_head_json":{"title":"COLORS. Paisatges de Lleida (2025) - Antoni Tolmos - pianist, composer &amp; lecturer","robots":{"index":"index","follow":"follow","max-snippet":"max-snippet:-1","max-image-preview":"max-image-preview:large","max-video-preview":"max-video-preview:-1"},"canonical":"https:\/\/antonitolmos.com\/edicio\/colors\/","og_locale":"ca_ES","og_type":"article","og_title":"COLORS. Paisatges de Lleida (2025) - Antoni Tolmos - pianist, composer &amp; lecturer","og_description":"COLORS. Paisatges de Lleida. Un film de Josep Culler\u00e9 amb m\u00fasica d'Antoni Tolmos (2025)https:\/\/youtu.be\/xQ0W2VCXndQ?si=nul_W9QGodWSTaEpUn llargmetratge amb imatges (reals) captades amb la t\u00e8cnica del time lapse durant deu anys i milers d\u00b4hores d\u00b4exposici\u00f3. Una genialitat del cineasta Josep\u00a0Culler\u00e9\u00a0@colors_lleida\u00a0a qui li agraeixo aquesta meravellosa oportunitat. En aquest moment ja pots escoltar tota aquesta m\u00fasica a les plataformes [&hellip;]","og_url":"https:\/\/antonitolmos.com\/edicio\/colors\/","og_site_name":"Antoni Tolmos - pianist, composer &amp; lecturer","article_modified_time":"2025-09-14T12:46:04+00:00","og_image":[{"width":700,"height":704,"url":"https:\/\/antonitolmos.com\/files\/colors-portada-web.png","type":"image\/png"}],"twitter_card":"summary_large_image","twitter_misc":{"Temps estimat de lectura":"2 minuts"},"schema":{"@context":"https:\/\/schema.org","@graph":[{"@type":"WebPage","@id":"https:\/\/antonitolmos.com\/edicio\/colors\/","url":"https:\/\/antonitolmos.com\/edicio\/colors\/","name":"COLORS. Paisatges de Lleida (2025) - Antoni Tolmos - pianist, composer &amp; lecturer","isPartOf":{"@id":"https:\/\/antonitolmos.com\/es\/#website"},"primaryImageOfPage":{"@id":"https:\/\/antonitolmos.com\/edicio\/colors\/#primaryimage"},"image":{"@id":"https:\/\/antonitolmos.com\/edicio\/colors\/#primaryimage"},"thumbnailUrl":"https:\/\/antonitolmos.com\/files\/colors-portada-web.png","datePublished":"2025-09-10T19:19:11+00:00","dateModified":"2025-09-14T12:46:04+00:00","breadcrumb":{"@id":"https:\/\/antonitolmos.com\/edicio\/colors\/#breadcrumb"},"inLanguage":"ca","potentialAction":[{"@type":"ReadAction","target":["https:\/\/antonitolmos.com\/edicio\/colors\/"]}]},{"@type":"ImageObject","inLanguage":"ca","@id":"https:\/\/antonitolmos.com\/edicio\/colors\/#primaryimage","url":"https:\/\/antonitolmos.com\/files\/colors-portada-web.png","contentUrl":"https:\/\/antonitolmos.com\/files\/colors-portada-web.png","width":700,"height":704},{"@type":"BreadcrumbList","@id":"https:\/\/antonitolmos.com\/edicio\/colors\/#breadcrumb","itemListElement":[{"@type":"ListItem","position":1,"name":"Inici","item":"https:\/\/antonitolmos.com\/ca\/"},{"@type":"ListItem","position":2,"name":"Proyectos","item":"https:\/\/antonitolmos.com\/es\/edicion\/"},{"@type":"ListItem","position":3,"name":"COLORS. Paisatges de Lleida (2025)"}]},{"@type":"WebSite","@id":"https:\/\/antonitolmos.com\/es\/#website","url":"https:\/\/antonitolmos.com\/es\/","name":"Antoni Tolmos - pianist, composer &amp; lecturer","description":"pianista &amp; coach art\u00edstic","potentialAction":[{"@type":"SearchAction","target":{"@type":"EntryPoint","urlTemplate":"https:\/\/antonitolmos.com\/es\/?s={search_term_string}"},"query-input":{"@type":"PropertyValueSpecification","valueRequired":true,"valueName":"search_term_string"}}],"inLanguage":"ca"}]}},"_links":{"self":[{"href":"https:\/\/antonitolmos.com\/ca\/wp-json\/wp\/v2\/project\/16326","targetHints":{"allow":["GET"]}}],"collection":[{"href":"https:\/\/antonitolmos.com\/ca\/wp-json\/wp\/v2\/project"}],"about":[{"href":"https:\/\/antonitolmos.com\/ca\/wp-json\/wp\/v2\/types\/project"}],"author":[{"embeddable":true,"href":"https:\/\/antonitolmos.com\/ca\/wp-json\/wp\/v2\/users\/2"}],"replies":[{"embeddable":true,"href":"https:\/\/antonitolmos.com\/ca\/wp-json\/wp\/v2\/comments?post=16326"}],"version-history":[{"count":2,"href":"https:\/\/antonitolmos.com\/ca\/wp-json\/wp\/v2\/project\/16326\/revisions"}],"predecessor-version":[{"id":16331,"href":"https:\/\/antonitolmos.com\/ca\/wp-json\/wp\/v2\/project\/16326\/revisions\/16331"}],"wp:featuredmedia":[{"embeddable":true,"href":"https:\/\/antonitolmos.com\/ca\/wp-json\/wp\/v2\/media\/16311"}],"wp:attachment":[{"href":"https:\/\/antonitolmos.com\/ca\/wp-json\/wp\/v2\/media?parent=16326"}],"wp:term":[{"taxonomy":"project_category","embeddable":true,"href":"https:\/\/antonitolmos.com\/ca\/wp-json\/wp\/v2\/project_category?post=16326"},{"taxonomy":"project_tag","embeddable":true,"href":"https:\/\/antonitolmos.com\/ca\/wp-json\/wp\/v2\/project_tag?post=16326"}],"curies":[{"name":"wp","href":"https:\/\/api.w.org\/{rel}","templated":true}]}}